{"id":6282,"date":"2021-10-22T14:07:11","date_gmt":"2021-10-22T12:07:11","guid":{"rendered":"http:\/\/dummy.xtemos.com\/woodmart2\/elementor\/?page_id=6282"},"modified":"2026-03-04T20:32:33","modified_gmt":"2026-03-04T19:32:33","slug":"startseite","status":"publish","type":"page","link":"https:\/\/grunder-gaestehaus.de\/fr_fr\/","title":{"rendered":"Page d'accueil"},"content":{"rendered":"\t\t<div data-elementor-type=\"wp-page\" data-elementor-id=\"6282\" class=\"elementor elementor-6282\" data-elementor-post-type=\"page\">\n\t\t\t\t\t\t<section data-particle_enable=\"false\" data-particle-mobile-disabled=\"false\" class=\"wd-negative-gap elementor-section elementor-top-section elementor-element elementor-element-1f6c3d2 elementor-section-boxed elementor-section-height-default elementor-section-height-default\" data-id=\"1f6c3d2\" data-element_type=\"section\" data-e-type=\"section\">\n\t\t\t\t\t\t<div class=\"elementor-container elementor-column-gap-default\">\n\t\t\t\t\t<div class=\"elementor-column elementor-col-100 elementor-top-column elementor-element elementor-element-d56c5e6\" data-id=\"d56c5e6\" data-element_type=\"column\" data-e-type=\"column\">\n\t\t\t<div class=\"elementor-widget-wrap elementor-element-populated\">\n\t\t\t\t\t\t<div class=\"elementor-element elementor-element-f04db3e elementor--h-position-center elementor--v-position-middle elementor-arrows-position-inside elementor-pagination-position-inside elementor-widget elementor-widget-slides\" data-id=\"f04db3e\" data-element_type=\"widget\" data-e-type=\"widget\" data-settings=\"{&quot;navigation&quot;:&quot;both&quot;,&quot;autoplay&quot;:&quot;yes&quot;,&quot;pause_on_hover&quot;:&quot;yes&quot;,&quot;pause_on_interaction&quot;:&quot;yes&quot;,&quot;autoplay_speed&quot;:5000,&quot;infinite&quot;:&quot;yes&quot;,&quot;transition&quot;:&quot;slide&quot;,&quot;transition_speed&quot;:500}\" data-widget_type=\"slides.default\">\n\t\t\t\t<div class=\"elementor-widget-container\">\n\t\t\t\t\t\t\t\t\t<div class=\"elementor-swiper\">\n\t\t\t\t\t<div class=\"elementor-slides-wrapper elementor-main-swiper swiper\" role=\"region\" aria-roledescription=\"carousel\" aria-label=\"Slider\" dir=\"ltr\" data-animation=\"fadeInUp\">\n\t\t\t\t<div class=\"swiper-wrapper elementor-slides\">\n\t\t\t\t\t\t\t\t\t\t<div class=\"elementor-repeater-item-752037c swiper-slide\" role=\"group\" aria-roledescription=\"slide\"><div class=\"swiper-slide-bg\" role=\"img\" aria-label=\"Bildschirmfoto-2021-07-19-um-20.58.12-1024x686\"><\/div><a class=\"swiper-slide-inner\" href=\"#hotel\"><div class=\"swiper-slide-contents\"><div class=\"elementor-slide-heading\">Grunder G\u00e4stehaus<\/div><div class=\"elementor-slide-description\">Entspannen, genie\u00dfen, Gast sein<\/div><div  class=\"elementor-button elementor-slide-button elementor-size-sm\">Zimmer ansehen<\/div><\/div><\/a><\/div><div class=\"elementor-repeater-item-d59174b swiper-slide\" role=\"group\" aria-roledescription=\"slide\"><div class=\"swiper-slide-bg\" role=\"img\" aria-label=\"zuse dunkel\"><\/div><a class=\"swiper-slide-inner\" href=\"https:\/\/grunder-gaestehaus.de\/produkt-kategorie\/veranstaltungen\/\"><div class=\"swiper-slide-contents\"><div class=\"elementor-slide-heading\">Bistro Zuse 8<\/div><div class=\"elementor-slide-description\">Feiern Sie im Raum Zuse mit bis zu 180-200 Personen. Gerne beraten wir Sie auch im Hinblick auf Dekoration und Buffet. Sprechen Sie uns an! <\/div><div  class=\"elementor-button elementor-slide-button elementor-size-sm\">Genie\u00dferbrunch buchen<\/div><\/div><\/a><\/div><div class=\"elementor-repeater-item-09c9034 swiper-slide\" role=\"group\" aria-roledescription=\"slide\"><div class=\"swiper-slide-bg\" role=\"img\" aria-label=\"Skylounge_neu (1)\"><\/div><div class=\"elementor-background-overlay\"><\/div><div class=\"swiper-slide-inner\" ><div class=\"swiper-slide-contents\"><div class=\"elementor-slide-heading\">Skylounge<\/div><div class=\"elementor-slide-description\">Unser Highlight im wahrsten Sinne des Wortes: Deckenhohe Glasfronten in dem lichtdurchfluteten Raum bieten vollen Ausblick in die Umgebung. Die Lounge ist ab 50 Personen buchbar und verf\u00fcgt \u00fcber eine eigene Caf\u00e9bar. Die M\u00f6blierung ist variabel, damit finden wir f\u00fcr jeden Anlass die passende Ausstattung.<\/div><\/div><\/div><\/div>\t\t\t\t<\/div>\n\t\t\t\t\t\t\t\t\t\t\t\t\t\t\t<div class=\"elementor-swiper-button elementor-swiper-button-prev\" role=\"button\" tabindex=\"0\" aria-label=\"Vorheriger Slide\">\n\t\t\t\t\t\t\t<i aria-hidden=\"true\" class=\"eicon-chevron-left\"><\/i>\t\t\t\t\t\t<\/div>\n\t\t\t\t\t\t<div class=\"elementor-swiper-button elementor-swiper-button-next\" role=\"button\" tabindex=\"0\" aria-label=\"N\u00e4chster Slide\">\n\t\t\t\t\t\t\t<i aria-hidden=\"true\" class=\"eicon-chevron-right\"><\/i>\t\t\t\t\t\t<\/div>\n\t\t\t\t\t\t\t\t\t\t\t\t\t\t\t\t<div class=\"swiper-pagination\"><\/div>\n\t\t\t\t\t\t\t\t\t\t\t\t<\/div>\n\t\t\t\t<\/div>\n\t\t\t\t\t\t\t\t<\/div>\n\t\t\t\t<\/div>\n\t\t\t\t\t<\/div>\n\t\t<\/div>\n\t\t\t\t\t<\/div>\n\t\t<\/section>\n\t\t\t\t<section data-particle_enable=\"false\" data-particle-mobile-disabled=\"false\" class=\"wd-negative-gap elementor-section elementor-top-section elementor-element elementor-element-74ea95d elementor-section-full_width elementor-section-height-min-height elementor-hidden-desktop elementor-hidden-tablet elementor-hidden-mobile elementor-section-height-default elementor-section-items-middle\" data-id=\"74ea95d\" data-element_type=\"section\" data-e-type=\"section\" data-settings=\"{&quot;background_background&quot;:&quot;slideshow&quot;,&quot;background_slideshow_gallery&quot;:[{&quot;id&quot;:9800,&quot;url&quot;:&quot;https:\\\/\\\/grunder-gaestehaus.de\\\/wp-content\\\/uploads\\\/2022\\\/11\\\/Haus-dunkel.jpg&quot;},{&quot;id&quot;:9802,&quot;url&quot;:&quot;https:\\\/\\\/grunder-gaestehaus.de\\\/wp-content\\\/uploads\\\/2022\\\/11\\\/tisch-dunkel.jpg&quot;},{&quot;id&quot;:9801,&quot;url&quot;:&quot;https:\\\/\\\/grunder-gaestehaus.de\\\/wp-content\\\/uploads\\\/2022\\\/11\\\/Tagung-dunkel.jpg&quot;}],&quot;background_slideshow_loop&quot;:&quot;yes&quot;,&quot;background_slideshow_slide_duration&quot;:5000,&quot;background_slideshow_slide_transition&quot;:&quot;fade&quot;,&quot;background_slideshow_transition_duration&quot;:500}\">\n\t\t\t\t\t\t<div class=\"elementor-container elementor-column-gap-default\">\n\t\t\t\t\t<div class=\"elementor-column elementor-col-100 elementor-top-column elementor-element elementor-element-20e30e1\" data-id=\"20e30e1\" data-element_type=\"column\" data-e-type=\"column\">\n\t\t\t<div class=\"elementor-widget-wrap elementor-element-populated\">\n\t\t\t\t\t\t<div class=\"elementor-element elementor-element-30bc495 elementor-widget elementor-widget-heading\" data-id=\"30bc495\" data-element_type=\"widget\" data-e-type=\"widget\" data-widget_type=\"heading.default\">\n\t\t\t\t<div class=\"elementor-widget-container\">\n\t\t\t\t\t<h1 class=\"elementor-heading-title elementor-size-default\">Grunder G\u00e4stehaus<\/h1>\t\t\t\t<\/div>\n\t\t\t\t<\/div>\n\t\t\t\t<div class=\"elementor-element elementor-element-2963a0e elementor-widget elementor-widget-heading\" data-id=\"2963a0e\" data-element_type=\"widget\" data-e-type=\"widget\" data-widget_type=\"heading.default\">\n\t\t\t\t<div class=\"elementor-widget-container\">\n\t\t\t\t\t<h2 class=\"elementor-heading-title elementor-size-default\">Entspannen, genie\u00dfen, Gast sein<\/h2>\t\t\t\t<\/div>\n\t\t\t\t<\/div>\n\t\t\t\t<section data-particle_enable=\"false\" data-particle-mobile-disabled=\"false\" class=\"wd-negative-gap elementor-section elementor-inner-section elementor-element elementor-element-f7f71dd elementor-section-content-middle elementor-section-boxed elementor-section-height-default elementor-section-height-default\" data-id=\"f7f71dd\" data-element_type=\"section\" data-e-type=\"section\">\n\t\t\t\t\t\t<div class=\"elementor-container elementor-column-gap-default\">\n\t\t\t\t\t<div class=\"elementor-column elementor-col-50 elementor-inner-column elementor-element elementor-element-23735e9\" data-id=\"23735e9\" data-element_type=\"column\" data-e-type=\"column\">\n\t\t\t<div class=\"elementor-widget-wrap\">\n\t\t\t\t\t\t\t<\/div>\n\t\t<\/div>\n\t\t\t\t<div class=\"elementor-column elementor-col-50 elementor-inner-column elementor-element elementor-element-4b35d01\" data-id=\"4b35d01\" data-element_type=\"column\" data-e-type=\"column\">\n\t\t\t<div class=\"elementor-widget-wrap\">\n\t\t\t\t\t\t\t<\/div>\n\t\t<\/div>\n\t\t\t\t\t<\/div>\n\t\t<\/section>\n\t\t\t\t\t<\/div>\n\t\t<\/div>\n\t\t\t\t\t<\/div>\n\t\t<\/section>\n\t\t\t\t<section data-particle_enable=\"false\" data-particle-mobile-disabled=\"false\" class=\"wd-negative-gap elementor-section elementor-top-section elementor-element elementor-element-74825d7 elementor-section-content-middle elementor-section-boxed elementor-section-height-default elementor-section-height-default\" data-id=\"74825d7\" data-element_type=\"section\" data-e-type=\"section\">\n\t\t\t\t\t\t<div class=\"elementor-container elementor-column-gap-default\">\n\t\t\t\t\t<div class=\"elementor-column elementor-col-50 elementor-top-column elementor-element elementor-element-4c84413\" data-id=\"4c84413\" data-element_type=\"column\" data-e-type=\"column\">\n\t\t\t<div class=\"elementor-widget-wrap elementor-element-populated\">\n\t\t\t\t\t\t<div class=\"elementor-element elementor-element-344d437 elementor-align-right elementor-mobile-align-center elementor-widget elementor-widget-button\" data-id=\"344d437\" data-element_type=\"widget\" data-e-type=\"widget\" data-widget_type=\"button.default\">\n\t\t\t\t<div class=\"elementor-widget-container\">\n\t\t\t\t\t\t\t\t\t<div class=\"elementor-button-wrapper\">\n\t\t\t\t\t<a class=\"elementor-button elementor-button-link elementor-size-sm\" href=\"https:\/\/grunder-gaestehaus.de\/kontakt\/#anfrage\">\n\t\t\t\t\t\t<span class=\"elementor-button-content-wrapper\">\n\t\t\t\t\t\t\t\t\t<span class=\"elementor-button-text\">LOCATION ANFRAGEN<\/span>\n\t\t\t\t\t<\/span>\n\t\t\t\t\t<\/a>\n\t\t\t\t<\/div>\n\t\t\t\t\t\t\t\t<\/div>\n\t\t\t\t<\/div>\n\t\t\t\t\t<\/div>\n\t\t<\/div>\n\t\t\t\t<div class=\"elementor-column elementor-col-50 elementor-top-column elementor-element elementor-element-51331d3\" data-id=\"51331d3\" data-element_type=\"column\" data-e-type=\"column\">\n\t\t\t<div class=\"elementor-widget-wrap elementor-element-populated\">\n\t\t\t\t\t\t<div class=\"elementor-element elementor-element-1f4aca2 elementor-align-center elementor-mobile-align-center elementor-widget__width-initial elementor-widget elementor-widget-button\" data-id=\"1f4aca2\" data-element_type=\"widget\" data-e-type=\"widget\" data-widget_type=\"button.default\">\n\t\t\t\t<div class=\"elementor-widget-container\">\n\t\t\t\t\t\t\t\t\t<div class=\"elementor-button-wrapper\">\n\t\t\t\t\t<a class=\"elementor-button elementor-button-link elementor-size-sm\" href=\"https:\/\/grunder-gaestehaus.de\/produkt-kategorie\/veranstaltungen\/\">\n\t\t\t\t\t\t<span class=\"elementor-button-content-wrapper\">\n\t\t\t\t\t\t\t\t\t<span class=\"elementor-button-text\">Event buchen<\/span>\n\t\t\t\t\t<\/span>\n\t\t\t\t\t<\/a>\n\t\t\t\t<\/div>\n\t\t\t\t\t\t\t\t<\/div>\n\t\t\t\t<\/div>\n\t\t\t\t\t<\/div>\n\t\t<\/div>\n\t\t\t\t\t<\/div>\n\t\t<\/section>\n\t\t\t\t<section data-particle_enable=\"false\" data-particle-mobile-disabled=\"false\" class=\"wd-negative-gap elementor-section elementor-top-section elementor-element elementor-element-945a8fd elementor-section-boxed elementor-section-height-default elementor-section-height-default\" data-id=\"945a8fd\" data-element_type=\"section\" data-e-type=\"section\">\n\t\t\t\t\t\t<div class=\"elementor-container elementor-column-gap-default\">\n\t\t\t\t\t<div class=\"elementor-column elementor-col-50 elementor-top-column elementor-element elementor-element-2a12fb3\" data-id=\"2a12fb3\" data-element_type=\"column\" data-e-type=\"column\">\n\t\t\t<div class=\"elementor-widget-wrap elementor-element-populated\">\n\t\t\t\t\t\t<div class=\"elementor-element elementor-element-a74b786 elementor-widget elementor-widget-facebook-page\" data-id=\"a74b786\" data-element_type=\"widget\" data-e-type=\"widget\" data-widget_type=\"facebook-page.default\">\n\t\t\t\t<div class=\"elementor-widget-container\">\n\t\t\t\t\t<div class=\"elementor-facebook-widget fb-page\" data-href=\"https:\/\/www.facebook.com\/grundergastehaus\/\" data-tabs=\"timeline\" data-height=\"800px\" data-width=\"500px\" data-small-header=\"false\" data-hide-cover=\"true\" data-show-facepile=\"true\" data-hide-cta=\"false\" style=\"min-height: 1px;height:800px\"><\/div>\t\t\t\t<\/div>\n\t\t\t\t<\/div>\n\t\t\t\t<div class=\"elementor-element elementor-element-b712f9e elementor-widget elementor-widget-wd_banner\" data-id=\"b712f9e\" data-element_type=\"widget\" data-e-type=\"widget\" data-widget_type=\"wd_banner.default\">\n\t\t\t\t<div class=\"elementor-widget-container\">\n\t\t\t\t\t\t\t<div class=\"promo-banner-wrapper\">\n\t\t\t<div class=\"promo-banner banner-border banner-hover-parallax color-scheme-light banner-btn-size-default banner-btn-style-link with-btn banner-btn-position-static wd-with-link\">\n\t\t\t\t<div class=\"main-wrapp-img\">\n\t\t\t\t\t<div class=\"banner-image\">\n\t\t\t\t\t\t\t\t\t\t\t\t\t\t\t\t\t\t\t\t\t<img decoding=\"async\" width=\"1024\" height=\"683\" src=\"https:\/\/grunder-gaestehaus.de\/wp-content\/uploads\/2022\/11\/Zimmer-dunkel.jpg\" class=\"attachment-full size-full\" alt=\"\" srcset=\"https:\/\/grunder-gaestehaus.de\/wp-content\/uploads\/2022\/11\/Zimmer-dunkel.jpg 1024w, https:\/\/grunder-gaestehaus.de\/wp-content\/uploads\/2022\/11\/Zimmer-dunkel-1000x667.jpg 1000w, https:\/\/grunder-gaestehaus.de\/wp-content\/uploads\/2022\/11\/Zimmer-dunkel-400x267.jpg 400w, https:\/\/grunder-gaestehaus.de\/wp-content\/uploads\/2022\/11\/Zimmer-dunkel-768x512.jpg 768w, https:\/\/grunder-gaestehaus.de\/wp-content\/uploads\/2022\/11\/Zimmer-dunkel-18x12.jpg 18w\" sizes=\"(max-width: 1024px) 100vw, 1024px\" \/>\t\t\t\t\t\t\t\t\t\t\t\t\t\t\t\t\t\t<\/div>\n\t\t\t\t<\/div>\n\n\t\t\t\t<div class=\"wrapper-content-banner wd-fill wd-items-middle wd-justify-center\">\n\t\t\t\t\t<div class=\"content-banner  text-center\">\n\t\t\t\t\t\t\t\t\t\t\t\t\t\n\t\t\t\t\t\t\t<div class=\"banner-subtitle subtitle-style-default subtitle-color-default wd-fontsize-xs\" data-elementor-setting-key=\"subtitle\">\n\t\t\t\t\t\t\t\tGrunder G\u00e4stehaus\t\t\t\t\t\t\t<\/div>\n\t\t\t\t\t\t\n\t\t\t\t\t\t\t\t\t\t\t\t\t<h4 class=\"banner-title wd-fontsize-l\" data-elementor-setting-key=\"title\">\n\t\t\t\t\t\t\t\tHotel<b>zimmer<\/b>\t\t\t\t\t\t\t<\/h4>\n\t\t\t\t\t\t\n\t\t\t\t\t\t\n\t\t\t\t\t\t\n\t\t\t\t\t\t\t\t\t\t\t\t\t<div class=\"banner-btn-wrapper\">\n\t\t\t\t\t\t\t\t\t\t<div class=\"wd-button-wrapper text-center\" >\n\t\t\t<a class=\"btn btn-style-link btn-shape- btn-size-default btn-color-white btn-icon-pos-right\"  href=\"#hotel\">\n\t\t\t\t<span class=\"wd-btn-text\" data-elementor-setting-key=\"text\">\n\t\t\t\t\tVerf\u00fcgbarkeit ansehen\t\t\t\t<\/span>\n\n\t\t\t\t\t\t\t<\/a>\n\t\t<\/div>\n\t\t\t\t\t\t\t\t\t<\/div>\n\t\t\t\t\t\t\t\t\t\t\t<\/div>\n\t\t\t\t<\/div>\n\n\t\t\t\t\t\t\t\t\t<a href=\"#hotel\" class=\"wd-promo-banner-link wd-fill\" aria-label=\"Banner link\"><\/a>\n\t\t\t\t\t\t\t<\/div>\n\t\t<\/div>\n\t\t\t\t\t\t<\/div>\n\t\t\t\t<\/div>\n\t\t\t\t\t<\/div>\n\t\t<\/div>\n\t\t\t\t<div class=\"elementor-column elementor-col-50 elementor-top-column elementor-element elementor-element-e9901f5\" data-id=\"e9901f5\" data-element_type=\"column\" data-e-type=\"column\">\n\t\t\t<div class=\"elementor-widget-wrap elementor-element-populated\">\n\t\t\t\t\t\t<div class=\"elementor-element elementor-element-285bc80 wd-width-100 elementor-widget elementor-widget-wd_title\" data-id=\"285bc80\" data-element_type=\"widget\" data-e-type=\"widget\" data-widget_type=\"wd_title.default\">\n\t\t\t\t<div class=\"elementor-widget-container\">\n\t\t\t\t\t\t\t<div class=\"title-wrapper wd-set-mb reset-last-child wd-title-color-primary wd-title-style-default wd-title-size-default text-left\">\n\n\t\t\t\t\t\t\t\t\t\t\t<div class=\"title-subtitle subtitle-color-primary subtitle-style-default wd-fontsize-xs\">\n\t\t\t\t\tGrunder G\u00e4stehaus\t\t\t\t<\/div>\n\t\t\t\n\t\t\t<div class=\"liner-continer\">\n\t\t\t\t<h4 class=\"woodmart-title-container title wd-fontsize-l\">HOTEL &amp; BISTRO<\/h4> \n\t\t\t\t\t\t\t<\/div>\n\n\t\t\t\t\t\t\t<div class=\"title-after_title reset-last-child wd-fontsize-xs\">\n\t\t\t\t\t<p>\u00a0<\/p><p>Ob ausgelassene Firmenfeier, packender Vortrag oder produktives Meeting \u2013 das Grunder G\u00e4stehaus bietet die passende Location f\u00fcr Unternehmen und Privatpersonen.<\/p><p><span style=\"text-decoration: underline\"><strong>\u00d6ffnungszeiten Rezeption:<\/strong><\/span><\/p><p>Montag - Donnerstag: 06:45 Uhr -20:30 Uhr<br \/>Freitag: 06:45 Uhr - 18:00 Uhr<br \/>Samstag: 07:30 Uhr - 12:00 Uhr<br \/>Sonntag\/Feiertag: 07:45 Uhr - 12:00 Uhr<\/p><h2>\u00d6ffnungszeiten Bistro<\/h2><p><span style=\"font-weight: 600;font-size: 14px\">\u00d6ffnungszeiten<\/span><\/p><p>Montag bis Freitag: 11.30-23.00 Uhr<\/p><p>K\u00fcchenzeiten:<br \/>Montag bis Freitag: 12:00 \u2013 14:30 Uhr \u00a017:30 \u2013 21:30 Uhr<\/p><p>Jeden Mittag ein wechselndes Tagesessen.<\/p><p><span style=\"font-weight: 600;font-size: 14px\">Sonn- und Feiertag Genie\u00dfer-Brunchbuffet 11:00 bis 14:30 Uhr<br \/><\/span>inkl. Getr\u00e4nke \u2013 bitte entnehmen Sie die Preise in unseren Event Terminen.<\/p><p>Das Bistro ist am Samstag- und Sonntag geschlossen.<\/p>\t\t\t\t<\/div>\n\t\t\t\t\t<\/div>\n\t\t\t\t\t\t<\/div>\n\t\t\t\t<\/div>\n\t\t\t\t<div class=\"elementor-element elementor-element-b57de0e elementor-widget elementor-widget-wd_banner\" data-id=\"b57de0e\" data-element_type=\"widget\" data-e-type=\"widget\" data-widget_type=\"wd_banner.default\">\n\t\t\t\t<div class=\"elementor-widget-container\">\n\t\t\t\t\t\t\t<div class=\"promo-banner-wrapper\">\n\t\t\t<div class=\"promo-banner banner-border banner-hover-parallax color-scheme-light banner-btn-size-default banner-btn-style-link with-btn banner-btn-position-static wd-with-link\">\n\t\t\t\t<div class=\"main-wrapp-img\">\n\t\t\t\t\t<div class=\"banner-image\">\n\t\t\t\t\t\t\t\t\t\t\t\t\t\t\t\t\t\t\t\t\t<img decoding=\"async\" width=\"1024\" height=\"538\" src=\"https:\/\/grunder-gaestehaus.de\/wp-content\/uploads\/2022\/11\/zuse-dunkel.jpg\" class=\"attachment-full size-full\" alt=\"\" srcset=\"https:\/\/grunder-gaestehaus.de\/wp-content\/uploads\/2022\/11\/zuse-dunkel.jpg 1024w, https:\/\/grunder-gaestehaus.de\/wp-content\/uploads\/2022\/11\/zuse-dunkel-1000x525.jpg 1000w, https:\/\/grunder-gaestehaus.de\/wp-content\/uploads\/2022\/11\/zuse-dunkel-400x210.jpg 400w, https:\/\/grunder-gaestehaus.de\/wp-content\/uploads\/2022\/11\/zuse-dunkel-768x404.jpg 768w, https:\/\/grunder-gaestehaus.de\/wp-content\/uploads\/2022\/11\/zuse-dunkel-18x9.jpg 18w\" sizes=\"(max-width: 1024px) 100vw, 1024px\" \/>\t\t\t\t\t\t\t\t\t\t\t\t\t\t\t\t\t\t<\/div>\n\t\t\t\t<\/div>\n\n\t\t\t\t<div class=\"wrapper-content-banner wd-fill wd-items-middle wd-justify-center\">\n\t\t\t\t\t<div class=\"content-banner  text-center\">\n\t\t\t\t\t\t\t\t\t\t\t\t\t\n\t\t\t\t\t\t\t<div class=\"banner-subtitle subtitle-style-default subtitle-color-default wd-fontsize-xs\" data-elementor-setting-key=\"subtitle\">\n\t\t\t\t\t\t\t\tGrunder G\u00e4stehaus\t\t\t\t\t\t\t<\/div>\n\t\t\t\t\t\t\n\t\t\t\t\t\t\t\t\t\t\t\t\t<h4 class=\"banner-title wd-fontsize-l\" data-elementor-setting-key=\"title\">\n\t\t\t\t\t\t\t\tBistro<b>Zuse8<\/b>\t\t\t\t\t\t\t<\/h4>\n\t\t\t\t\t\t\n\t\t\t\t\t\t\n\t\t\t\t\t\t\n\t\t\t\t\t\t\t\t\t\t\t\t\t<div class=\"banner-btn-wrapper\">\n\t\t\t\t\t\t\t\t\t\t<div class=\"wd-button-wrapper text-center\" >\n\t\t\t<a class=\"btn btn-style-link btn-shape- btn-size-default btn-color-white btn-icon-pos-right\"  href=\"https:\/\/grunder-gaestehaus.de\/bistro-zuse-8\/\">\n\t\t\t\t<span class=\"wd-btn-text\" data-elementor-setting-key=\"text\">\n\t\t\t\t\tMehr Informationen\t\t\t\t<\/span>\n\n\t\t\t\t\t\t\t<\/a>\n\t\t<\/div>\n\t\t\t\t\t\t\t\t\t<\/div>\n\t\t\t\t\t\t\t\t\t\t\t<\/div>\n\t\t\t\t<\/div>\n\n\t\t\t\t\t\t\t\t\t<a href=\"https:\/\/grunder-gaestehaus.de\/bistro-zuse-8\/\" class=\"wd-promo-banner-link wd-fill\" aria-label=\"Banner link\"><\/a>\n\t\t\t\t\t\t\t<\/div>\n\t\t<\/div>\n\t\t\t\t\t\t<\/div>\n\t\t\t\t<\/div>\n\t\t\t\t\t<\/div>\n\t\t<\/div>\n\t\t\t\t\t<\/div>\n\t\t<\/section>\n\t\t\t\t<section data-particle_enable=\"false\" data-particle-mobile-disabled=\"false\" class=\"wd-negative-gap elementor-section elementor-top-section elementor-element elementor-element-c042892 elementor-section-boxed elementor-section-height-default elementor-section-height-default\" data-id=\"c042892\" data-element_type=\"section\" data-e-type=\"section\">\n\t\t\t\t\t\t<div class=\"elementor-container elementor-column-gap-extended\">\n\t\t\t\t\t<div class=\"elementor-column elementor-col-100 elementor-top-column elementor-element elementor-element-25f4142\" data-id=\"25f4142\" data-element_type=\"column\" data-e-type=\"column\">\n\t\t\t<div class=\"elementor-widget-wrap elementor-element-populated\">\n\t\t\t\t\t\t<div class=\"elementor-element elementor-element-f08e6cc elementor-widget elementor-widget-wd_banner\" data-id=\"f08e6cc\" data-element_type=\"widget\" data-e-type=\"widget\" data-widget_type=\"wd_banner.default\">\n\t\t\t\t<div class=\"elementor-widget-container\">\n\t\t\t\t\t\t\t<div class=\"promo-banner-wrapper\">\n\t\t\t<div class=\"promo-banner banner-border banner-hover-parallax color-scheme-light banner-btn-size-default banner-btn-style-link with-btn banner-btn-position-static wd-with-link\">\n\t\t\t\t<div class=\"main-wrapp-img\">\n\t\t\t\t\t<div class=\"banner-image\">\n\t\t\t\t\t\t\t\t\t\t\t\t\t\t\t\t\t\t\t\t\t<img decoding=\"async\" width=\"900\" height=\"600\" src=\"https:\/\/grunder-gaestehaus.de\/wp-content\/uploads\/2022\/11\/Tagung-dunkel.jpg\" class=\"attachment-full size-full\" alt=\"\" srcset=\"https:\/\/grunder-gaestehaus.de\/wp-content\/uploads\/2022\/11\/Tagung-dunkel.jpg 900w, https:\/\/grunder-gaestehaus.de\/wp-content\/uploads\/2022\/11\/Tagung-dunkel-400x267.jpg 400w, https:\/\/grunder-gaestehaus.de\/wp-content\/uploads\/2022\/11\/Tagung-dunkel-768x512.jpg 768w, https:\/\/grunder-gaestehaus.de\/wp-content\/uploads\/2022\/11\/Tagung-dunkel-18x12.jpg 18w\" sizes=\"(max-width: 900px) 100vw, 900px\" \/>\t\t\t\t\t\t\t\t\t\t\t\t\t\t\t\t\t\t<\/div>\n\t\t\t\t<\/div>\n\n\t\t\t\t<div class=\"wrapper-content-banner wd-fill wd-items-middle wd-justify-center\">\n\t\t\t\t\t<div class=\"content-banner  text-center\">\n\t\t\t\t\t\t\t\t\t\t\t\t\t\n\t\t\t\t\t\t\t<div class=\"banner-subtitle subtitle-style-default subtitle-color-default wd-fontsize-xs\" data-elementor-setting-key=\"subtitle\">\n\t\t\t\t\t\t\t\tGrunder G\u00e4stehaus\t\t\t\t\t\t\t<\/div>\n\t\t\t\t\t\t\n\t\t\t\t\t\t\t\t\t\t\t\t\t<h4 class=\"banner-title wd-fontsize-l\" data-elementor-setting-key=\"title\">\n\t\t\t\t\t\t\t\tTagungs<b>r\u00e4ume<\/b>\t\t\t\t\t\t\t<\/h4>\n\t\t\t\t\t\t\n\t\t\t\t\t\t\n\t\t\t\t\t\t\n\t\t\t\t\t\t\t\t\t\t\t\t\t<div class=\"banner-btn-wrapper\">\n\t\t\t\t\t\t\t\t\t\t<div class=\"wd-button-wrapper text-center\" >\n\t\t\t<a class=\"btn btn-style-link btn-shape- btn-size-default btn-color-white btn-icon-pos-right\"  href=\"https:\/\/grunder-gaestehaus.de\/tagungen-events\/\">\n\t\t\t\t<span class=\"wd-btn-text\" data-elementor-setting-key=\"text\">\n\t\t\t\t\tMehr Informationen\t\t\t\t<\/span>\n\n\t\t\t\t\t\t\t<\/a>\n\t\t<\/div>\n\t\t\t\t\t\t\t\t\t<\/div>\n\t\t\t\t\t\t\t\t\t\t\t<\/div>\n\t\t\t\t<\/div>\n\n\t\t\t\t\t\t\t\t\t<a href=\"https:\/\/grunder-gaestehaus.de\/tagungen-events\/\" class=\"wd-promo-banner-link wd-fill\" aria-label=\"Banner link\"><\/a>\n\t\t\t\t\t\t\t<\/div>\n\t\t<\/div>\n\t\t\t\t\t\t<\/div>\n\t\t\t\t<\/div>\n\t\t\t\t\t<\/div>\n\t\t<\/div>\n\t\t\t\t\t<\/div>\n\t\t<\/section>\n\t\t\t\t<section data-particle_enable=\"false\" data-particle-mobile-disabled=\"false\" class=\"wd-negative-gap elementor-section elementor-top-section elementor-element elementor-element-5ae467a3 wd-section-stretch elementor-hidden-desktop elementor-hidden-tablet elementor-hidden-mobile elementor-section-boxed elementor-section-height-default elementor-section-height-default\" data-id=\"5ae467a3\" data-element_type=\"section\" data-e-type=\"section\" data-settings=\"{&quot;background_background&quot;:&quot;classic&quot;}\">\n\t\t\t\t\t\t<div class=\"elementor-container elementor-column-gap-no\">\n\t\t\t\t\t<div class=\"elementor-column elementor-col-100 elementor-top-column elementor-element elementor-element-617811e\" data-id=\"617811e\" data-element_type=\"column\" data-e-type=\"column\">\n\t\t\t<div class=\"elementor-widget-wrap elementor-element-populated\">\n\t\t\t\t\t\t<div class=\"elementor-element elementor-element-d7f6c9b elementor-widget elementor-widget-heading\" data-id=\"d7f6c9b\" data-element_type=\"widget\" data-e-type=\"widget\" data-widget_type=\"heading.default\">\n\t\t\t\t<div class=\"elementor-widget-container\">\n\t\t\t\t\t<h2 class=\"elementor-heading-title elementor-size-default\">Weihnachten bei Grunder<\/h2>\t\t\t\t<\/div>\n\t\t\t\t<\/div>\n\t\t\t\t<section data-particle_enable=\"false\" data-particle-mobile-disabled=\"false\" class=\"wd-negative-gap elementor-section elementor-inner-section elementor-element elementor-element-72eb346 elementor-section-boxed elementor-section-height-default elementor-section-height-default\" data-id=\"72eb346\" data-element_type=\"section\" data-e-type=\"section\">\n\t\t\t\t\t\t<div class=\"elementor-container elementor-column-gap-default\">\n\t\t\t\t\t<div class=\"elementor-column elementor-col-50 elementor-inner-column elementor-element elementor-element-7baf411\" data-id=\"7baf411\" data-element_type=\"column\" data-e-type=\"column\">\n\t\t\t<div class=\"elementor-widget-wrap elementor-element-populated\">\n\t\t\t\t\t\t<div class=\"elementor-element elementor-element-0b5e83e content-align-cta-center elementor-widget elementor-widget-eael-cta-box\" data-id=\"0b5e83e\" data-element_type=\"widget\" data-e-type=\"widget\" data-widget_type=\"eael-cta-box.default\">\n\t\t\t\t<div class=\"elementor-widget-container\">\n\t\t\t\t\t\t\t<div class=\"eael-call-to-action cta-basic bg-lite cta-preset-1\">\n        <h2 class=\"title eael-cta-heading\">Weihnachtslunch im Grunder G\u00e4stehaus<\/h2><h2><strong>69,00 \u20ac*<\/strong><\/h2><p><span style=\"color: #000000\"><strong>25.12 &amp; 26.12.2022<\/strong><\/span><\/p><p><span style=\"color: #000000\"><strong>11:00 - 15:00 Uhr<\/strong><\/span><\/p><p><span style=\"color: #000000\"><strong>inkl. Getr\u00e4nke**<\/strong><\/span><\/p><h6>* Preis pro Person, ** Weitere Informationen auf der Eventseite<\/h6><a href=\"https:\/\/grunder-gaestehaus.de\/produkt-kategorie\/veranstaltungen\/weihnachtslunch\/\" class=\"cta-button cta-preset-1  \">VERANSTALTUNG BUCHEN<\/a>\t<\/div>\n\t\t\t\t\t\t\t\t<\/div>\n\t\t\t\t<\/div>\n\t\t\t\t\t<\/div>\n\t\t<\/div>\n\t\t\t\t<div class=\"elementor-column elementor-col-50 elementor-inner-column elementor-element elementor-element-a0fb170\" data-id=\"a0fb170\" data-element_type=\"column\" data-e-type=\"column\">\n\t\t\t<div class=\"elementor-widget-wrap elementor-element-populated\">\n\t\t\t\t\t\t<div class=\"elementor-element elementor-element-b014620 content-align-cta-center elementor-widget elementor-widget-eael-cta-box\" data-id=\"b014620\" data-element_type=\"widget\" data-e-type=\"widget\" data-widget_type=\"eael-cta-box.default\">\n\t\t\t\t<div class=\"elementor-widget-container\">\n\t\t\t\t\t\t\t<div class=\"eael-call-to-action cta-basic bg-lite cta-preset-1\">\n        <h2 class=\"title eael-cta-heading\">Weihnachtsmen\u00fc f\u00fcr Zuhause<br>(ab 6 Personen)<\/h2><h2><strong>49,00 \u20ac*<\/strong><\/h2><p><span style=\"color: #000000\"><strong>inkl. Lieferung<\/strong><\/span><\/p><p><span style=\"color: #000000\"><strong>Reichhaltiges Buffet in Einweggeschirr<\/strong><\/span><\/p><p><span style=\"color: #000000\"><strong>Weihnachtsfeiertage<\/strong><\/span><\/p><h6>* Preis pro Person, ** Weitere Informationen im Grunder Gourmet Onlineshop<\/h6><a href=\"https:\/\/grunder-gourmet.de\/produkt-kategorie\/weihnachtsmenue-ab-6-personen-fuer-zuhause\/\" class=\"cta-button cta-preset-1  \">MEN\u00dc F\u00dcR ZUHAUSE BUCHEN<\/a>\t<\/div>\n\t\t\t\t\t\t\t\t<\/div>\n\t\t\t\t<\/div>\n\t\t\t\t\t<\/div>\n\t\t<\/div>\n\t\t\t\t\t<\/div>\n\t\t<\/section>\n\t\t\t\t\t<\/div>\n\t\t<\/div>\n\t\t\t\t\t<\/div>\n\t\t<\/section>\n\t\t\t\t<section data-particle_enable=\"false\" data-particle-mobile-disabled=\"false\" class=\"wd-negative-gap elementor-section elementor-top-section elementor-element elementor-element-bda0d4a elementor-hidden-desktop elementor-hidden-tablet elementor-hidden-mobile elementor-section-boxed elementor-section-height-default elementor-section-height-default\" data-id=\"bda0d4a\" data-element_type=\"section\" data-e-type=\"section\">\n\t\t\t\t\t\t<div class=\"elementor-container elementor-column-gap-default\">\n\t\t\t\t\t<div class=\"elementor-column elementor-col-100 elementor-top-column elementor-element elementor-element-1cce96e\" data-id=\"1cce96e\" data-element_type=\"column\" data-e-type=\"column\">\n\t\t\t<div class=\"elementor-widget-wrap elementor-element-populated\">\n\t\t\t\t\t\t<div class=\"elementor-element elementor-element-d7bb237 elementor-widget elementor-widget-heading\" data-id=\"d7bb237\" data-element_type=\"widget\" data-e-type=\"widget\" data-widget_type=\"heading.default\">\n\t\t\t\t<div class=\"elementor-widget-container\">\n\t\t\t\t\t<h2 class=\"elementor-heading-title elementor-size-default\">Veranstaltungen entdecken und jetzt buchen!<\/h2>\t\t\t\t<\/div>\n\t\t\t\t<\/div>\n\t\t\t\t\t<\/div>\n\t\t<\/div>\n\t\t\t\t\t<\/div>\n\t\t<\/section>\n\t\t\t\t<section data-particle_enable=\"false\" data-particle-mobile-disabled=\"false\" class=\"wd-negative-gap elementor-section elementor-top-section elementor-element elementor-element-864e2ed elementor-hidden-desktop elementor-hidden-tablet elementor-hidden-mobile elementor-section-boxed elementor-section-height-default elementor-section-height-default\" data-id=\"864e2ed\" data-element_type=\"section\" data-e-type=\"section\">\n\t\t\t\t\t\t<div class=\"elementor-container elementor-column-gap-default\">\n\t\t\t\t\t<div class=\"elementor-column elementor-col-100 elementor-top-column elementor-element elementor-element-de60aa3\" data-id=\"de60aa3\" data-element_type=\"column\" data-e-type=\"column\">\n\t\t\t<div class=\"elementor-widget-wrap elementor-element-populated\">\n\t\t\t\t\t\t<div class=\"elementor-element elementor-element-7dff668 wd-width-100 elementor-widget elementor-widget-wd_products\" data-id=\"7dff668\" data-element_type=\"widget\" data-e-type=\"widget\" data-widget_type=\"wd_products.default\">\n\t\t\t\t<div class=\"elementor-widget-container\">\n\t\t\t\t\t\t\t\t\t\t<div class=\"wd-products-element\">\n\n\t\t\t\n\t\t\t\n\t\t\t\n\t\t\t<div class=\"products wd-products grid-columns-2 elements-grid wd-grid-g wd-loop-builder-off wd-quantity-enabled products-bordered-grid-ins\" data-paged=\"1\" data-atts=\"{&quot;speed&quot;:null,&quot;slides_per_view&quot;:null,&quot;wrap&quot;:null,&quot;autoplay&quot;:null,&quot;autoheight&quot;:null,&quot;hide_pagination_control&quot;:null,&quot;dynamic_pagination_control&quot;:null,&quot;hide_prev_next_buttons&quot;:null,&quot;carousel_arrows_position&quot;:null,&quot;hide_scrollbar&quot;:null,&quot;scroll_per_page&quot;:null,&quot;center_mode&quot;:null,&quot;spacing&quot;:&quot;&quot;,&quot;carousel_sync&quot;:null,&quot;sync_parent_id&quot;:null,&quot;sync_child_id&quot;:null,&quot;scroll_carousel_init&quot;:null,&quot;disable_overflow_carousel&quot;:null,&quot;include&quot;:null,&quot;offset&quot;:&quot;0&quot;,&quot;orderby&quot;:&quot;title&quot;,&quot;meta_key&quot;:null,&quot;exclude&quot;:[&quot;10281&quot;],&quot;shop_tools&quot;:null,&quot;hide_out_of_stock&quot;:&quot;yes&quot;,&quot;ajax_recently_viewed&quot;:null,&quot;pagination_arrows_position&quot;:null,&quot;items_per_page&quot;:4,&quot;list_spacing&quot;:null,&quot;columns&quot;:{&quot;unit&quot;:&quot;px&quot;,&quot;size&quot;:2,&quot;sizes&quot;:[]},&quot;products_masonry&quot;:&quot;&quot;,&quot;products_different_sizes&quot;:&quot;&quot;,&quot;product_quantity&quot;:&quot;&quot;,&quot;product_custom_hover&quot;:null,&quot;sale_countdown&quot;:&quot;0&quot;,&quot;stretch_product&quot;:null,&quot;stock_progress_bar&quot;:&quot;&quot;,&quot;highlighted_products&quot;:&quot;0&quot;,&quot;products_divider&quot;:null,&quot;products_bordered_grid&quot;:&quot;1&quot;,&quot;products_bordered_grid_style&quot;:&quot;inside&quot;,&quot;products_with_background&quot;:&quot;0&quot;,&quot;products_shadow&quot;:&quot;0&quot;,&quot;img_size_custom&quot;:null,&quot;grid_gallery_control&quot;:null,&quot;grid_gallery_enable_arrows&quot;:null,&quot;lazy_loading&quot;:&quot;yes&quot;,&quot;elementor&quot;:true,&quot;force_not_ajax&quot;:&quot;no&quot;}\" data-source=\"shortcode\" data-columns=\"2\" style=\"--wd-col-lg:2;--wd-col-md:2;--wd-col-sm:2;--wd-gap-lg:30px;--wd-gap-sm:10px;\">\n\t\t\n\t\t\t\t\t\t\t\t<div class=\"wd-product wd-col wd-hover-standard product-grid-item product type-product post-11765 status-publish instock product_cat-geniesser-brunch-buffet has-post-thumbnail taxable shipping-taxable product-type-variable\" data-loop=\"1\" data-id=\"11765\">\n\t\n<div class=\"wd-product-wrapper product-wrapper\">\n\t<div class=\"wd-product-thumb product-element-top wd-quick-shop\">\n\t\t<a href=\"https:\/\/grunder-gaestehaus.de\/fr_fr\/veranstaltung\/geniesser-brunch-buffet-30-07-2023-inkl-getraenke\/\" class=\"wd-product-img-link product-image-link\" tabindex=\"-1\" aria-label=\"Geniesser-Brunch Buffet (30.07.2023) inkl. Getr\u00e4nke*\">\n\t\t\t<img decoding=\"async\" width=\"1000\" height=\"240\" src=\"https:\/\/grunder-gaestehaus.de\/wp-content\/uploads\/2022\/11\/Geniesser-Brunch-Buffet-Artikel-1000x240.jpg\" class=\"attachment-woocommerce_thumbnail size-woocommerce_thumbnail\" alt=\"\" srcset=\"https:\/\/grunder-gaestehaus.de\/wp-content\/uploads\/2022\/11\/Geniesser-Brunch-Buffet-Artikel-1000x240.jpg 1000w, https:\/\/grunder-gaestehaus.de\/wp-content\/uploads\/2022\/11\/Geniesser-Brunch-Buffet-Artikel-400x96.jpg 400w, https:\/\/grunder-gaestehaus.de\/wp-content\/uploads\/2022\/11\/Geniesser-Brunch-Buffet-Artikel-1300x312.jpg 1300w, https:\/\/grunder-gaestehaus.de\/wp-content\/uploads\/2022\/11\/Geniesser-Brunch-Buffet-Artikel-768x184.jpg 768w, https:\/\/grunder-gaestehaus.de\/wp-content\/uploads\/2022\/11\/Geniesser-Brunch-Buffet-Artikel-1536x369.jpg 1536w, https:\/\/grunder-gaestehaus.de\/wp-content\/uploads\/2022\/11\/Geniesser-Brunch-Buffet-Artikel-2048x492.jpg 2048w, https:\/\/grunder-gaestehaus.de\/wp-content\/uploads\/2022\/11\/Geniesser-Brunch-Buffet-Artikel-18x4.jpg 18w, https:\/\/grunder-gaestehaus.de\/wp-content\/uploads\/2022\/11\/Geniesser-Brunch-Buffet-Artikel-2000x480.jpg 2000w\" sizes=\"(max-width: 1000px) 100vw, 1000px\" \/>\t\t<\/a>\n\n\t\t\n\t\t<div class=\"wd-buttons wd-pos-r-t\">\n\t\t\t\t\t\t\t\t\t\t\t<div class=\"wd-quick-view-btn wd-quick-view-icon wd-action-btn wd-style-icon\">\n\t\t\t<a\n\t\t\t\thref=\"https:\/\/grunder-gaestehaus.de\/fr_fr\/veranstaltung\/geniesser-brunch-buffet-30-07-2023-inkl-getraenke\/\"\n\t\t\t\tclass=\"open-quick-view\"\n\t\t\t\trel=\"nofollow\"\n\t\t\t\tdata-id=\"11765\"\n\t\t\t\t>\n\t\t\t\t\t<span class=\"wd-action-icon\"><\/span>\n\t\t\t\t\t<span class=\"wd-action-text\">\n\t\t\t\t\t\tQuick view\t\t\t\t\t<\/span>\n\t\t\t<\/a>\n\t\t<\/div>\n\t\t\t\t\t\t\t\t<div class=\"wd-wishlist-btn wd-action-btn wd-style-icon wd-wishlist-icon\">\n\t\t\t\t<a class=\"\" href=\"https:\/\/grunder-gaestehaus.de\/fr_fr\/merkliste\/\" data-key=\"72f5f2099a\" data-product-id=\"11765\" rel=\"nofollow\">\n\t\t\t\t\t<span class=\"wd-action-icon\">\n\t\t\t\t\t\t<span class=\"wd-check-icon\"><\/span>\n\t\t\t\t\t<\/span>\n\t\t\t\t\t<span class=\"wd-action-text\">Add to wishlist<\/span>\n\t\t\t\t<\/a>\n\t\t\t<\/div>\n\t\t\t\t<\/div>\n\t<\/div>\n\n\t\n\t\n\t<h3 class=\"wd-entities-title\"><a href=\"https:\/\/grunder-gaestehaus.de\/fr_fr\/veranstaltung\/geniesser-brunch-buffet-30-07-2023-inkl-getraenke\/\">Geniesser-Brunch Buffet (30.07.2023) inkl. Getr\u00e4nke*<\/a><\/h3>\n\t\t\t\n\t\n\t<span class=\"price\"><span class=\"woocommerce-Price-amount amount\"><bdi>0,00&nbsp;<span class=\"woocommerce-Price-currencySymbol\">&euro;<\/span><\/bdi><\/span> \u2013 <span class=\"woocommerce-Price-amount amount\"><bdi>39,90&nbsp;<span class=\"woocommerce-Price-currencySymbol\">&euro;<\/span><\/bdi><\/span><\/span>\n\n\t<div class=\"wd-add-btn wd-add-btn-replace\">\n\t\t\t\t\t\t\t\n\t\t<a href=\"https:\/\/grunder-gaestehaus.de\/fr_fr\/veranstaltung\/geniesser-brunch-buffet-30-07-2023-inkl-getraenke\/\" aria-describedby=\"woocommerce_loop_add_to_cart_link_describedby_11765\" data-quantity=\"1\" class=\"button product_type_variable select_options_button add-to-cart-loop\" data-product_id=\"11765\" data-product_sku=\"\" aria-label=\"S\u00e9lectionner les options pour &ldquo;Geniesser-Brunch Buffet (30.07.2023) inkl. Getr\u00e4nke*&rdquo;\" rel=\"nofollow\"><span class=\"wd-action-icon\"><span class=\"wd-check-icon\"><\/span><\/span><span class=\"wd-action-text\">Ticket buchen<\/span><\/a>\t<span id=\"woocommerce_loop_add_to_cart_link_describedby_11765\" class=\"screen-reader-text\">\n\t\t\t<\/span>\n\t<\/div>\n\n\t\n\t\n\t\t<\/div>\n<\/div>\n\t\t\t\t\t\t\t\t<div class=\"wd-product wd-col wd-hover-standard product-grid-item product type-product post-11771 status-publish instock product_cat-geniesser-brunch-buffet has-post-thumbnail taxable shipping-taxable product-type-variable\" data-loop=\"2\" data-id=\"11771\">\n\t\n<div class=\"wd-product-wrapper product-wrapper\">\n\t<div class=\"wd-product-thumb product-element-top wd-quick-shop\">\n\t\t<a href=\"https:\/\/grunder-gaestehaus.de\/fr_fr\/veranstaltung\/geniesser-brunch-buffet-06-08-2023-inkl-getraenke\/\" class=\"wd-product-img-link product-image-link\" tabindex=\"-1\" aria-label=\"Geniesser-Brunch Buffet (06.08.2023) inkl. Getr\u00e4nke*\">\n\t\t\t<img decoding=\"async\" width=\"1000\" height=\"240\" src=\"https:\/\/grunder-gaestehaus.de\/wp-content\/uploads\/2022\/11\/Geniesser-Brunch-Buffet-Artikel-1000x240.jpg\" class=\"attachment-woocommerce_thumbnail size-woocommerce_thumbnail\" alt=\"\" srcset=\"https:\/\/grunder-gaestehaus.de\/wp-content\/uploads\/2022\/11\/Geniesser-Brunch-Buffet-Artikel-1000x240.jpg 1000w, https:\/\/grunder-gaestehaus.de\/wp-content\/uploads\/2022\/11\/Geniesser-Brunch-Buffet-Artikel-400x96.jpg 400w, https:\/\/grunder-gaestehaus.de\/wp-content\/uploads\/2022\/11\/Geniesser-Brunch-Buffet-Artikel-1300x312.jpg 1300w, https:\/\/grunder-gaestehaus.de\/wp-content\/uploads\/2022\/11\/Geniesser-Brunch-Buffet-Artikel-768x184.jpg 768w, https:\/\/grunder-gaestehaus.de\/wp-content\/uploads\/2022\/11\/Geniesser-Brunch-Buffet-Artikel-1536x369.jpg 1536w, https:\/\/grunder-gaestehaus.de\/wp-content\/uploads\/2022\/11\/Geniesser-Brunch-Buffet-Artikel-2048x492.jpg 2048w, https:\/\/grunder-gaestehaus.de\/wp-content\/uploads\/2022\/11\/Geniesser-Brunch-Buffet-Artikel-18x4.jpg 18w, https:\/\/grunder-gaestehaus.de\/wp-content\/uploads\/2022\/11\/Geniesser-Brunch-Buffet-Artikel-2000x480.jpg 2000w\" sizes=\"(max-width: 1000px) 100vw, 1000px\" \/>\t\t<\/a>\n\n\t\t\n\t\t<div class=\"wd-buttons wd-pos-r-t\">\n\t\t\t\t\t\t\t\t\t\t\t<div class=\"wd-quick-view-btn wd-quick-view-icon wd-action-btn wd-style-icon\">\n\t\t\t<a\n\t\t\t\thref=\"https:\/\/grunder-gaestehaus.de\/fr_fr\/veranstaltung\/geniesser-brunch-buffet-06-08-2023-inkl-getraenke\/\"\n\t\t\t\tclass=\"open-quick-view\"\n\t\t\t\trel=\"nofollow\"\n\t\t\t\tdata-id=\"11771\"\n\t\t\t\t>\n\t\t\t\t\t<span class=\"wd-action-icon\"><\/span>\n\t\t\t\t\t<span class=\"wd-action-text\">\n\t\t\t\t\t\tQuick view\t\t\t\t\t<\/span>\n\t\t\t<\/a>\n\t\t<\/div>\n\t\t\t\t\t\t\t\t<div class=\"wd-wishlist-btn wd-action-btn wd-style-icon wd-wishlist-icon\">\n\t\t\t\t<a class=\"\" href=\"https:\/\/grunder-gaestehaus.de\/fr_fr\/merkliste\/\" data-key=\"72f5f2099a\" data-product-id=\"11771\" rel=\"nofollow\">\n\t\t\t\t\t<span class=\"wd-action-icon\">\n\t\t\t\t\t\t<span class=\"wd-check-icon\"><\/span>\n\t\t\t\t\t<\/span>\n\t\t\t\t\t<span class=\"wd-action-text\">Add to wishlist<\/span>\n\t\t\t\t<\/a>\n\t\t\t<\/div>\n\t\t\t\t<\/div>\n\t<\/div>\n\n\t\n\t\n\t<h3 class=\"wd-entities-title\"><a href=\"https:\/\/grunder-gaestehaus.de\/fr_fr\/veranstaltung\/geniesser-brunch-buffet-06-08-2023-inkl-getraenke\/\">Geniesser-Brunch Buffet (06.08.2023) inkl. Getr\u00e4nke*<\/a><\/h3>\n\t\t\t\n\t\n\t<span class=\"price\"><span class=\"woocommerce-Price-amount amount\"><bdi>0,00&nbsp;<span class=\"woocommerce-Price-currencySymbol\">&euro;<\/span><\/bdi><\/span> \u2013 <span class=\"woocommerce-Price-amount amount\"><bdi>39,90&nbsp;<span class=\"woocommerce-Price-currencySymbol\">&euro;<\/span><\/bdi><\/span><\/span>\n\n\t<div class=\"wd-add-btn wd-add-btn-replace\">\n\t\t\t\t\t\t\t\n\t\t<a href=\"https:\/\/grunder-gaestehaus.de\/fr_fr\/veranstaltung\/geniesser-brunch-buffet-06-08-2023-inkl-getraenke\/\" aria-describedby=\"woocommerce_loop_add_to_cart_link_describedby_11771\" data-quantity=\"1\" class=\"button product_type_variable select_options_button add-to-cart-loop\" data-product_id=\"11771\" data-product_sku=\"\" aria-label=\"S\u00e9lectionner les options pour &ldquo;Geniesser-Brunch Buffet (06.08.2023) inkl. Getr\u00e4nke*&rdquo;\" rel=\"nofollow\"><span class=\"wd-action-icon\"><span class=\"wd-check-icon\"><\/span><\/span><span class=\"wd-action-text\">Ticket buchen<\/span><\/a>\t<span id=\"woocommerce_loop_add_to_cart_link_describedby_11771\" class=\"screen-reader-text\">\n\t\t\t<\/span>\n\t<\/div>\n\n\t\n\t\n\t\t<\/div>\n<\/div>\n\t\t\t\t\t\t\t\t<div class=\"wd-product wd-col wd-hover-standard product-grid-item product type-product post-11777 status-publish last instock product_cat-geniesser-brunch-buffet has-post-thumbnail taxable shipping-taxable product-type-variable\" data-loop=\"3\" data-id=\"11777\">\n\t\n<div class=\"wd-product-wrapper product-wrapper\">\n\t<div class=\"wd-product-thumb product-element-top wd-quick-shop\">\n\t\t<a href=\"https:\/\/grunder-gaestehaus.de\/fr_fr\/veranstaltung\/geniesser-brunch-buffet-13-08-2023-inkl-getraenke\/\" class=\"wd-product-img-link product-image-link\" tabindex=\"-1\" aria-label=\"Geniesser-Brunch Buffet (13.08.2023) inkl. Getr\u00e4nke*\">\n\t\t\t<img decoding=\"async\" width=\"1000\" height=\"240\" src=\"https:\/\/grunder-gaestehaus.de\/wp-content\/uploads\/2022\/11\/Geniesser-Brunch-Buffet-Artikel-1000x240.jpg\" class=\"attachment-woocommerce_thumbnail size-woocommerce_thumbnail\" alt=\"\" srcset=\"https:\/\/grunder-gaestehaus.de\/wp-content\/uploads\/2022\/11\/Geniesser-Brunch-Buffet-Artikel-1000x240.jpg 1000w, https:\/\/grunder-gaestehaus.de\/wp-content\/uploads\/2022\/11\/Geniesser-Brunch-Buffet-Artikel-400x96.jpg 400w, https:\/\/grunder-gaestehaus.de\/wp-content\/uploads\/2022\/11\/Geniesser-Brunch-Buffet-Artikel-1300x312.jpg 1300w, https:\/\/grunder-gaestehaus.de\/wp-content\/uploads\/2022\/11\/Geniesser-Brunch-Buffet-Artikel-768x184.jpg 768w, https:\/\/grunder-gaestehaus.de\/wp-content\/uploads\/2022\/11\/Geniesser-Brunch-Buffet-Artikel-1536x369.jpg 1536w, https:\/\/grunder-gaestehaus.de\/wp-content\/uploads\/2022\/11\/Geniesser-Brunch-Buffet-Artikel-2048x492.jpg 2048w, https:\/\/grunder-gaestehaus.de\/wp-content\/uploads\/2022\/11\/Geniesser-Brunch-Buffet-Artikel-18x4.jpg 18w, https:\/\/grunder-gaestehaus.de\/wp-content\/uploads\/2022\/11\/Geniesser-Brunch-Buffet-Artikel-2000x480.jpg 2000w\" sizes=\"(max-width: 1000px) 100vw, 1000px\" \/>\t\t<\/a>\n\n\t\t\n\t\t<div class=\"wd-buttons wd-pos-r-t\">\n\t\t\t\t\t\t\t\t\t\t\t<div class=\"wd-quick-view-btn wd-quick-view-icon wd-action-btn wd-style-icon\">\n\t\t\t<a\n\t\t\t\thref=\"https:\/\/grunder-gaestehaus.de\/fr_fr\/veranstaltung\/geniesser-brunch-buffet-13-08-2023-inkl-getraenke\/\"\n\t\t\t\tclass=\"open-quick-view\"\n\t\t\t\trel=\"nofollow\"\n\t\t\t\tdata-id=\"11777\"\n\t\t\t\t>\n\t\t\t\t\t<span class=\"wd-action-icon\"><\/span>\n\t\t\t\t\t<span class=\"wd-action-text\">\n\t\t\t\t\t\tQuick view\t\t\t\t\t<\/span>\n\t\t\t<\/a>\n\t\t<\/div>\n\t\t\t\t\t\t\t\t<div class=\"wd-wishlist-btn wd-action-btn wd-style-icon wd-wishlist-icon\">\n\t\t\t\t<a class=\"\" href=\"https:\/\/grunder-gaestehaus.de\/fr_fr\/merkliste\/\" data-key=\"72f5f2099a\" data-product-id=\"11777\" rel=\"nofollow\">\n\t\t\t\t\t<span class=\"wd-action-icon\">\n\t\t\t\t\t\t<span class=\"wd-check-icon\"><\/span>\n\t\t\t\t\t<\/span>\n\t\t\t\t\t<span class=\"wd-action-text\">Add to wishlist<\/span>\n\t\t\t\t<\/a>\n\t\t\t<\/div>\n\t\t\t\t<\/div>\n\t<\/div>\n\n\t\n\t\n\t<h3 class=\"wd-entities-title\"><a href=\"https:\/\/grunder-gaestehaus.de\/fr_fr\/veranstaltung\/geniesser-brunch-buffet-13-08-2023-inkl-getraenke\/\">Geniesser-Brunch Buffet (13.08.2023) inkl. Getr\u00e4nke*<\/a><\/h3>\n\t\t\t\n\t\n\t<span class=\"price\"><span class=\"woocommerce-Price-amount amount\"><bdi>0,00&nbsp;<span class=\"woocommerce-Price-currencySymbol\">&euro;<\/span><\/bdi><\/span> \u2013 <span class=\"woocommerce-Price-amount amount\"><bdi>39,90&nbsp;<span class=\"woocommerce-Price-currencySymbol\">&euro;<\/span><\/bdi><\/span><\/span>\n\n\t<div class=\"wd-add-btn wd-add-btn-replace\">\n\t\t\t\t\t\t\t\n\t\t<a href=\"https:\/\/grunder-gaestehaus.de\/fr_fr\/veranstaltung\/geniesser-brunch-buffet-13-08-2023-inkl-getraenke\/\" aria-describedby=\"woocommerce_loop_add_to_cart_link_describedby_11777\" data-quantity=\"1\" class=\"button product_type_variable select_options_button add-to-cart-loop\" data-product_id=\"11777\" data-product_sku=\"\" aria-label=\"S\u00e9lectionner les options pour &ldquo;Geniesser-Brunch Buffet (13.08.2023) inkl. Getr\u00e4nke*&rdquo;\" rel=\"nofollow\"><span class=\"wd-action-icon\"><span class=\"wd-check-icon\"><\/span><\/span><span class=\"wd-action-text\">Ticket buchen<\/span><\/a>\t<span id=\"woocommerce_loop_add_to_cart_link_describedby_11777\" class=\"screen-reader-text\">\n\t\t\t<\/span>\n\t<\/div>\n\n\t\n\t\n\t\t<\/div>\n<\/div>\n\t\t\t\t\t\t\t\t<div class=\"wd-product wd-col wd-hover-standard product-grid-item product type-product post-11926 status-publish first instock product_cat-geniesser-brunch-buffet has-post-thumbnail taxable shipping-taxable product-type-variable\" data-loop=\"4\" data-id=\"11926\">\n\t\n<div class=\"wd-product-wrapper product-wrapper\">\n\t<div class=\"wd-product-thumb product-element-top wd-quick-shop\">\n\t\t<a href=\"https:\/\/grunder-gaestehaus.de\/fr_fr\/veranstaltung\/geniesser-brunch-buffet-15-08-2023-inkl-getraenke\/\" class=\"wd-product-img-link product-image-link\" tabindex=\"-1\" aria-label=\"Geniesser-Brunch Buffet (15.08.2023) inkl. Getr\u00e4nke*\">\n\t\t\t<img decoding=\"async\" width=\"1000\" height=\"240\" src=\"https:\/\/grunder-gaestehaus.de\/wp-content\/uploads\/2022\/11\/Geniesser-Brunch-Buffet-Artikel-1000x240.jpg\" class=\"attachment-woocommerce_thumbnail size-woocommerce_thumbnail\" alt=\"\" srcset=\"https:\/\/grunder-gaestehaus.de\/wp-content\/uploads\/2022\/11\/Geniesser-Brunch-Buffet-Artikel-1000x240.jpg 1000w, https:\/\/grunder-gaestehaus.de\/wp-content\/uploads\/2022\/11\/Geniesser-Brunch-Buffet-Artikel-400x96.jpg 400w, https:\/\/grunder-gaestehaus.de\/wp-content\/uploads\/2022\/11\/Geniesser-Brunch-Buffet-Artikel-1300x312.jpg 1300w, https:\/\/grunder-gaestehaus.de\/wp-content\/uploads\/2022\/11\/Geniesser-Brunch-Buffet-Artikel-768x184.jpg 768w, https:\/\/grunder-gaestehaus.de\/wp-content\/uploads\/2022\/11\/Geniesser-Brunch-Buffet-Artikel-1536x369.jpg 1536w, https:\/\/grunder-gaestehaus.de\/wp-content\/uploads\/2022\/11\/Geniesser-Brunch-Buffet-Artikel-2048x492.jpg 2048w, https:\/\/grunder-gaestehaus.de\/wp-content\/uploads\/2022\/11\/Geniesser-Brunch-Buffet-Artikel-18x4.jpg 18w, https:\/\/grunder-gaestehaus.de\/wp-content\/uploads\/2022\/11\/Geniesser-Brunch-Buffet-Artikel-2000x480.jpg 2000w\" sizes=\"(max-width: 1000px) 100vw, 1000px\" \/>\t\t<\/a>\n\n\t\t\n\t\t<div class=\"wd-buttons wd-pos-r-t\">\n\t\t\t\t\t\t\t\t\t\t\t<div class=\"wd-quick-view-btn wd-quick-view-icon wd-action-btn wd-style-icon\">\n\t\t\t<a\n\t\t\t\thref=\"https:\/\/grunder-gaestehaus.de\/fr_fr\/veranstaltung\/geniesser-brunch-buffet-15-08-2023-inkl-getraenke\/\"\n\t\t\t\tclass=\"open-quick-view\"\n\t\t\t\trel=\"nofollow\"\n\t\t\t\tdata-id=\"11926\"\n\t\t\t\t>\n\t\t\t\t\t<span class=\"wd-action-icon\"><\/span>\n\t\t\t\t\t<span class=\"wd-action-text\">\n\t\t\t\t\t\tQuick view\t\t\t\t\t<\/span>\n\t\t\t<\/a>\n\t\t<\/div>\n\t\t\t\t\t\t\t\t<div class=\"wd-wishlist-btn wd-action-btn wd-style-icon wd-wishlist-icon\">\n\t\t\t\t<a class=\"\" href=\"https:\/\/grunder-gaestehaus.de\/fr_fr\/merkliste\/\" data-key=\"72f5f2099a\" data-product-id=\"11926\" rel=\"nofollow\">\n\t\t\t\t\t<span class=\"wd-action-icon\">\n\t\t\t\t\t\t<span class=\"wd-check-icon\"><\/span>\n\t\t\t\t\t<\/span>\n\t\t\t\t\t<span class=\"wd-action-text\">Add to wishlist<\/span>\n\t\t\t\t<\/a>\n\t\t\t<\/div>\n\t\t\t\t<\/div>\n\t<\/div>\n\n\t\n\t\n\t<h3 class=\"wd-entities-title\"><a href=\"https:\/\/grunder-gaestehaus.de\/fr_fr\/veranstaltung\/geniesser-brunch-buffet-15-08-2023-inkl-getraenke\/\">Geniesser-Brunch Buffet (15.08.2023) inkl. Getr\u00e4nke*<\/a><\/h3>\n\t\t\t\n\t\n\t<span class=\"price\"><span class=\"woocommerce-Price-amount amount\"><bdi>0,00&nbsp;<span class=\"woocommerce-Price-currencySymbol\">&euro;<\/span><\/bdi><\/span> \u2013 <span class=\"woocommerce-Price-amount amount\"><bdi>39,90&nbsp;<span class=\"woocommerce-Price-currencySymbol\">&euro;<\/span><\/bdi><\/span><\/span>\n\n\t<div class=\"wd-add-btn wd-add-btn-replace\">\n\t\t\t\t\t\t\t\n\t\t<a href=\"https:\/\/grunder-gaestehaus.de\/fr_fr\/veranstaltung\/geniesser-brunch-buffet-15-08-2023-inkl-getraenke\/\" aria-describedby=\"woocommerce_loop_add_to_cart_link_describedby_11926\" data-quantity=\"1\" class=\"button product_type_variable select_options_button add-to-cart-loop\" data-product_id=\"11926\" data-product_sku=\"\" aria-label=\"S\u00e9lectionner les options pour &ldquo;Geniesser-Brunch Buffet (15.08.2023) inkl. Getr\u00e4nke*&rdquo;\" rel=\"nofollow\"><span class=\"wd-action-icon\"><span class=\"wd-check-icon\"><\/span><\/span><span class=\"wd-action-text\">Ticket buchen<\/span><\/a>\t<span id=\"woocommerce_loop_add_to_cart_link_describedby_11926\" class=\"screen-reader-text\">\n\t\t\t<\/span>\n\t<\/div>\n\n\t\n\t\n\t\t<\/div>\n<\/div>\n\t\t\n\t\t\t\t<\/div>\n\t\n\t\t\n\t\t\n\t\t\t\t\t<\/div>\n\t\t\n\t\t\t\t\t\t<\/div>\n\t\t\t\t<\/div>\n\t\t\t\t<div class=\"elementor-element elementor-element-52ceda5 elementor-widget elementor-widget-wd_button\" data-id=\"52ceda5\" data-element_type=\"widget\" data-e-type=\"widget\" data-widget_type=\"wd_button.default\">\n\t\t\t\t<div class=\"elementor-widget-container\">\n\t\t\t\t\t\t\t<div class=\"wd-button-wrapper text-center\" >\n\t\t\t<a class=\"btn btn-style-default btn-shape-semi-round btn-size-default btn-color-primary btn-icon-pos-right\"  href=\"https:\/\/grunder-gaestehaus.de\/events\/\">\n\t\t\t\t<span class=\"wd-btn-text\" data-elementor-setting-key=\"text\">\n\t\t\t\t\tAlle Veranstaltungen anzeigen\t\t\t\t<\/span>\n\n\t\t\t\t\t\t\t<\/a>\n\t\t<\/div>\n\t\t\t\t\t\t<\/div>\n\t\t\t\t<\/div>\n\t\t\t\t\t<\/div>\n\t\t<\/div>\n\t\t\t\t\t<\/div>\n\t\t<\/section>\n\t\t\t\t<section data-particle_enable=\"false\" data-particle-mobile-disabled=\"false\" class=\"wd-negative-gap elementor-section elementor-top-section elementor-element elementor-element-f72d26c elementor-section-boxed elementor-section-height-default elementor-section-height-default\" data-id=\"f72d26c\" data-element_type=\"section\" data-e-type=\"section\">\n\t\t\t\t\t\t<div class=\"elementor-container elementor-column-gap-default\">\n\t\t\t\t\t<div class=\"elementor-column elementor-col-100 elementor-top-column elementor-element elementor-element-7e62790\" data-id=\"7e62790\" data-element_type=\"column\" data-e-type=\"column\">\n\t\t\t<div class=\"elementor-widget-wrap elementor-element-populated\">\n\t\t\t\t\t\t<div class=\"elementor-element elementor-element-7c38c22 elementor-widget elementor-widget-menu-anchor\" data-id=\"7c38c22\" data-element_type=\"widget\" data-e-type=\"widget\" data-widget_type=\"menu-anchor.default\">\n\t\t\t\t<div class=\"elementor-widget-container\">\n\t\t\t\t\t\t\t<div class=\"elementor-menu-anchor\" id=\"hotel\"><\/div>\n\t\t\t\t\t\t<\/div>\n\t\t\t\t<\/div>\n\t\t\t\t<div class=\"elementor-element elementor-element-e8149c3 elementor-widget elementor-widget-heading\" data-id=\"e8149c3\" data-element_type=\"widget\" data-e-type=\"widget\" data-widget_type=\"heading.default\">\n\t\t\t\t<div class=\"elementor-widget-container\">\n\t\t\t\t\t<h2 class=\"elementor-heading-title elementor-size-default\">Unser Hotel<\/h2>\t\t\t\t<\/div>\n\t\t\t\t<\/div>\n\t\t\t\t<div class=\"elementor-element elementor-element-8a0e14c eael-infobox-shape-radius eael-infobox-hover-img-shape-radius elementor-widget elementor-widget-eael-info-box\" data-id=\"8a0e14c\" data-element_type=\"widget\" data-e-type=\"widget\" data-widget_type=\"eael-info-box.default\">\n\t\t\t\t<div class=\"elementor-widget-container\">\n\t\t\t\t\t        <div class=\"eael-infobox icon-on-left\">\n\t            <div class=\"infobox-icon\">\n\n                            <img decoding=\"async\" src=\"https:\/\/grunder-gaestehaus.de\/wp-content\/uploads\/2022\/11\/263345175-1.jpg\" alt=\"\">\n            \n            \n            \n        <\/div>\n            <div class=\"infobox-content\">\n                    <div class=\"infobox-title-section\">\n                <h2 class=\"title\">Einzelzimmer<\/h2>            <\/div>\n            <style><\/style>\t\t<div data-elementor-type=\"section\" data-elementor-id=\"10729\" class=\"elementor elementor-10729\" data-elementor-post-type=\"elementor_library\">\n\t\t\t\t\t<section data-particle_enable=\"false\" data-particle-mobile-disabled=\"false\" class=\"wd-negative-gap elementor-section elementor-top-section elementor-element elementor-element-62327f62 elementor-section-boxed elementor-section-height-default elementor-section-height-default\" data-id=\"62327f62\" data-element_type=\"section\" data-e-type=\"section\">\n\t\t\t\t\t\t<div class=\"elementor-container elementor-column-gap-default\">\n\t\t\t\t\t<div class=\"elementor-column elementor-col-100 elementor-top-column elementor-element elementor-element-6faeb876\" data-id=\"6faeb876\" data-element_type=\"column\" data-e-type=\"column\">\n\t\t\t<div class=\"elementor-widget-wrap elementor-element-populated\">\n\t\t\t\t\t\t<div class=\"elementor-element elementor-element-460086e5 elementor-widget elementor-widget-heading\" data-id=\"460086e5\" data-element_type=\"widget\" data-e-type=\"widget\" data-widget_type=\"heading.default\">\n\t\t\t\t<div class=\"elementor-widget-container\">\n\t\t\t\t\t<h2 class=\"elementor-heading-title elementor-size-default\">80 \u20ac \/ Nacht<\/h2>\t\t\t\t<\/div>\n\t\t\t\t<\/div>\n\t\t\t\t<div class=\"elementor-element elementor-element-3e927c83 color-scheme-inherit text-left elementor-widget elementor-widget-text-editor\" data-id=\"3e927c83\" data-element_type=\"widget\" data-e-type=\"widget\" data-widget_type=\"text-editor.default\">\n\t\t\t\t<div class=\"elementor-widget-container\">\n\t\t\t\t\t\t\t\t\t<p>In den modern und individuell eingerichteten Einzelzimmern erwarten Sie allergikerfreundliche Wasserbetten oder Boxspringbetten. Die Ausstattung umfasst zudem einen HD-Flachbild-TV mit 100 Kan\u00e4len, ein Telefon, ein eigenes Bad mit Dusche und einen Schreibtisch. WLAN nutzen Sie kostenlos.<\/p>\t\t\t\t\t\t\t\t<\/div>\n\t\t\t\t<\/div>\n\t\t\t\t\t<\/div>\n\t\t<\/div>\n\t\t\t\t\t<\/div>\n\t\t<\/section>\n\t\t\t\t<\/div>\n\t\t        <\/div>\n            <\/div>\n\n\t\t\t\t\t\t<\/div>\n\t\t\t\t<\/div>\n\t\t\t\t<div class=\"elementor-element elementor-element-6ea0961 eael-infobox-shape-radius eael-infobox-hover-img-shape-radius elementor-widget elementor-widget-eael-info-box\" data-id=\"6ea0961\" data-element_type=\"widget\" data-e-type=\"widget\" data-widget_type=\"eael-info-box.default\">\n\t\t\t\t<div class=\"elementor-widget-container\">\n\t\t\t\t\t        <div class=\"eael-infobox icon-on-right\">\n\t            <div class=\"infobox-icon\">\n\n                            <img decoding=\"async\" src=\"https:\/\/grunder-gaestehaus.de\/wp-content\/uploads\/2022\/11\/263346108-1.jpg\" alt=\"\">\n            \n            \n            \n        <\/div>\n            <div class=\"infobox-content\">\n                    <div class=\"infobox-title-section\">\n                <h2 class=\"title\">Doppelzimmer<\/h2>            <\/div>\n            <style>.elementor-10735 .elementor-element.elementor-element-466d295e{text-align:end;}.elementor-10735 .elementor-element.elementor-element-5ff6ce53{text-align:end;}<\/style>\t\t<div data-elementor-type=\"section\" data-elementor-id=\"10735\" class=\"elementor elementor-10735\" data-elementor-post-type=\"elementor_library\">\n\t\t\t\t\t<section data-particle_enable=\"false\" data-particle-mobile-disabled=\"false\" class=\"wd-negative-gap elementor-section elementor-top-section elementor-element elementor-element-1e5a7736 elementor-section-boxed elementor-section-height-default elementor-section-height-default\" data-id=\"1e5a7736\" data-element_type=\"section\" data-e-type=\"section\">\n\t\t\t\t\t\t<div class=\"elementor-container elementor-column-gap-default\">\n\t\t\t\t\t<div class=\"elementor-column elementor-col-100 elementor-top-column elementor-element elementor-element-696c1176\" data-id=\"696c1176\" data-element_type=\"column\" data-e-type=\"column\">\n\t\t\t<div class=\"elementor-widget-wrap elementor-element-populated\">\n\t\t\t\t\t\t<div class=\"elementor-element elementor-element-466d295e elementor-widget elementor-widget-heading\" data-id=\"466d295e\" data-element_type=\"widget\" data-e-type=\"widget\" data-widget_type=\"heading.default\">\n\t\t\t\t<div class=\"elementor-widget-container\">\n\t\t\t\t\t<h2 class=\"elementor-heading-title elementor-size-default\">85 \u20ac \/ Nacht<\/h2>\t\t\t\t<\/div>\n\t\t\t\t<\/div>\n\t\t\t\t<div class=\"elementor-element elementor-element-5ff6ce53 color-scheme-inherit text-left elementor-widget elementor-widget-text-editor\" data-id=\"5ff6ce53\" data-element_type=\"widget\" data-e-type=\"widget\" data-widget_type=\"text-editor.default\">\n\t\t\t\t<div class=\"elementor-widget-container\">\n\t\t\t\t\t\t\t\t\t<p>In den modernen und individuell eingerichteten Doppelzimmern erwarten Sie allergikerfreundliche Wasserbetten oder Boxspringbetten, ein HD-Flachbild-TV mit 100 Kan\u00e4len sowie einen Schreibtisch. Ein eigenes Bad hat das Zimmer ebenso. WLAN nutzen Sie kostenlos.<\/p>\t\t\t\t\t\t\t\t<\/div>\n\t\t\t\t<\/div>\n\t\t\t\t\t<\/div>\n\t\t<\/div>\n\t\t\t\t\t<\/div>\n\t\t<\/section>\n\t\t\t\t<\/div>\n\t\t        <\/div>\n            <\/div>\n\n\t\t\t\t\t\t<\/div>\n\t\t\t\t<\/div>\n\t\t\t\t<div class=\"elementor-element elementor-element-dfbfbe8 eael-infobox-shape-radius eael-infobox-hover-img-shape-radius elementor-widget elementor-widget-eael-info-box\" data-id=\"dfbfbe8\" data-element_type=\"widget\" data-e-type=\"widget\" data-widget_type=\"eael-info-box.default\">\n\t\t\t\t<div class=\"elementor-widget-container\">\n\t\t\t\t\t        <div class=\"eael-infobox icon-on-left\">\n\t            <div class=\"infobox-icon\">\n\n                            <img decoding=\"async\" src=\"https:\/\/grunder-gaestehaus.de\/wp-content\/uploads\/2022\/11\/263347234-1.jpg\" alt=\"\">\n            \n            \n            \n        <\/div>\n            <div class=\"infobox-content\">\n                    <div class=\"infobox-title-section\">\n                <h2 class=\"title\">Komfortzimmer<\/h2>            <\/div>\n            <style><\/style>\t\t<div data-elementor-type=\"section\" data-elementor-id=\"10738\" class=\"elementor elementor-10738\" data-elementor-post-type=\"elementor_library\">\n\t\t\t\t\t<section data-particle_enable=\"false\" data-particle-mobile-disabled=\"false\" class=\"wd-negative-gap elementor-section elementor-top-section elementor-element elementor-element-61d5ec13 elementor-section-boxed elementor-section-height-default elementor-section-height-default\" data-id=\"61d5ec13\" data-element_type=\"section\" data-e-type=\"section\">\n\t\t\t\t\t\t<div class=\"elementor-container elementor-column-gap-default\">\n\t\t\t\t\t<div class=\"elementor-column elementor-col-100 elementor-top-column elementor-element elementor-element-4f249af5\" data-id=\"4f249af5\" data-element_type=\"column\" data-e-type=\"column\">\n\t\t\t<div class=\"elementor-widget-wrap elementor-element-populated\">\n\t\t\t\t\t\t<div class=\"elementor-element elementor-element-4d013e4b elementor-widget elementor-widget-heading\" data-id=\"4d013e4b\" data-element_type=\"widget\" data-e-type=\"widget\" data-widget_type=\"heading.default\">\n\t\t\t\t<div class=\"elementor-widget-container\">\n\t\t\t\t\t<h2 class=\"elementor-heading-title elementor-size-default\">95 \u20ac \/ Nacht<\/h2>\t\t\t\t<\/div>\n\t\t\t\t<\/div>\n\t\t\t\t<div class=\"elementor-element elementor-element-58242131 color-scheme-inherit text-left elementor-widget elementor-widget-text-editor\" data-id=\"58242131\" data-element_type=\"widget\" data-e-type=\"widget\" data-widget_type=\"text-editor.default\">\n\t\t\t\t<div class=\"elementor-widget-container\">\n\t\t\t\t\t\t\t\t\t<p>Unsere gr\u00f6\u00dften und modernsten Zimmer mit bodentiefen Fenstern bieten Ihnen den h\u00f6chsten Komfort. Auch bei diesen Zimmern sind allergikerfreundliche Wasserbetten oder moderne Boxspringbetten verf\u00fcgbar.<\/p>\t\t\t\t\t\t\t\t<\/div>\n\t\t\t\t<\/div>\n\t\t\t\t\t<\/div>\n\t\t<\/div>\n\t\t\t\t\t<\/div>\n\t\t<\/section>\n\t\t\t\t<\/div>\n\t\t        <\/div>\n            <\/div>\n\n\t\t\t\t\t\t<\/div>\n\t\t\t\t<\/div>\n\t\t\t\t<div class=\"elementor-element elementor-element-6d60e42 elementor-align-center elementor-widget elementor-widget-button\" data-id=\"6d60e42\" data-element_type=\"widget\" data-e-type=\"widget\" data-widget_type=\"button.default\">\n\t\t\t\t<div class=\"elementor-widget-container\">\n\t\t\t\t\t\t\t\t\t<div class=\"elementor-button-wrapper\">\n\t\t\t\t\t<a class=\"elementor-button elementor-button-link elementor-size-sm\" href=\"#elementor-action%3Aaction%3Dpopup%3Aopen%26settings%3DeyJpZCI6Ijk4MjQiLCJ0b2dnbGUiOmZhbHNlfQ%3D%3D\">\n\t\t\t\t\t\t<span class=\"elementor-button-content-wrapper\">\n\t\t\t\t\t\t\t\t\t<span class=\"elementor-button-text\">ZIMMER-VERF\u00dcGBARKEIT PR\u00dcFEN<\/span>\n\t\t\t\t\t<\/span>\n\t\t\t\t\t<\/a>\n\t\t\t\t<\/div>\n\t\t\t\t\t\t\t\t<\/div>\n\t\t\t\t<\/div>\n\t\t\t\t<div class=\"elementor-element elementor-element-2b20551 elementor-widget elementor-widget-heading\" data-id=\"2b20551\" data-element_type=\"widget\" data-e-type=\"widget\" data-widget_type=\"heading.default\">\n\t\t\t\t<div class=\"elementor-widget-container\">\n\t\t\t\t\t<h2 class=\"elementor-heading-title elementor-size-default\">Zimmerbilder<\/h2>\t\t\t\t<\/div>\n\t\t\t\t<\/div>\n\t\t\t\t<div class=\"elementor-element elementor-element-078e6ef elementor-widget elementor-widget-gallery\" data-id=\"078e6ef\" data-element_type=\"widget\" data-e-type=\"widget\" data-settings=\"{&quot;aspect_ratio&quot;:&quot;16:9&quot;,&quot;lazyload&quot;:&quot;yes&quot;,&quot;gallery_layout&quot;:&quot;grid&quot;,&quot;columns&quot;:4,&quot;columns_tablet&quot;:2,&quot;columns_mobile&quot;:1,&quot;gap&quot;:{&quot;unit&quot;:&quot;px&quot;,&quot;size&quot;:10,&quot;sizes&quot;:[]},&quot;gap_tablet&quot;:{&quot;unit&quot;:&quot;px&quot;,&quot;size&quot;:10,&quot;sizes&quot;:[]},&quot;gap_mobile&quot;:{&quot;unit&quot;:&quot;px&quot;,&quot;size&quot;:10,&quot;sizes&quot;:[]},&quot;link_to&quot;:&quot;file&quot;,&quot;content_hover_animation&quot;:&quot;fade-in&quot;}\" data-widget_type=\"gallery.default\">\n\t\t\t\t<div class=\"elementor-widget-container\">\n\t\t\t\t\t\t\t<div class=\"elementor-gallery__container\">\n\t\t\t\t\t\t\t<a class=\"e-gallery-item elementor-gallery-item elementor-animated-content\" href=\"https:\/\/grunder-gaestehaus.de\/wp-content\/uploads\/2022\/11\/263347229-1.jpg\" data-elementor-open-lightbox=\"yes\" data-elementor-lightbox-slideshow=\"078e6ef\" data-elementor-lightbox-title=\"Komfortzimmer\" data-e-action-hash=\"#elementor-action%3Aaction%3Dlightbox%26settings%3DeyJpZCI6OTUzMSwidXJsIjoiaHR0cHM6XC9cL2dydW5kZXItZ2Flc3RlaGF1cy5kZVwvd3AtY29udGVudFwvdXBsb2Fkc1wvMjAyMlwvMTFcLzI2MzM0NzIyOS0xLmpwZyIsInNsaWRlc2hvdyI6IjA3OGU2ZWYifQ%3D%3D\">\n\t\t\t\t\t<div class=\"e-gallery-image elementor-gallery-item__image\" data-thumbnail=\"https:\/\/grunder-gaestehaus.de\/wp-content\/uploads\/2022\/11\/263347229-1.jpg\" data-width=\"1024\" data-height=\"683\" aria-label=\"\" role=\"img\" ><\/div>\n\t\t\t\t\t\t\t\t\t\t\t\t\t\t<\/a>\n\t\t\t\t\t\t\t<a class=\"e-gallery-item elementor-gallery-item elementor-animated-content\" href=\"https:\/\/grunder-gaestehaus.de\/wp-content\/uploads\/2022\/11\/263346422-1.jpg\" data-elementor-open-lightbox=\"yes\" data-elementor-lightbox-slideshow=\"078e6ef\" data-elementor-lightbox-title=\"Komfortzimmer\" data-e-action-hash=\"#elementor-action%3Aaction%3Dlightbox%26settings%3DeyJpZCI6OTUzMCwidXJsIjoiaHR0cHM6XC9cL2dydW5kZXItZ2Flc3RlaGF1cy5kZVwvd3AtY29udGVudFwvdXBsb2Fkc1wvMjAyMlwvMTFcLzI2MzM0NjQyMi0xLmpwZyIsInNsaWRlc2hvdyI6IjA3OGU2ZWYifQ%3D%3D\">\n\t\t\t\t\t<div class=\"e-gallery-image elementor-gallery-item__image\" data-thumbnail=\"https:\/\/grunder-gaestehaus.de\/wp-content\/uploads\/2022\/11\/263346422-1.jpg\" data-width=\"1024\" data-height=\"683\" aria-label=\"\" role=\"img\" ><\/div>\n\t\t\t\t\t\t\t\t\t\t\t\t\t\t<\/a>\n\t\t\t\t\t\t\t<a class=\"e-gallery-item elementor-gallery-item elementor-animated-content\" href=\"https:\/\/grunder-gaestehaus.de\/wp-content\/uploads\/2022\/11\/263346108-1.jpg\" data-elementor-open-lightbox=\"yes\" data-elementor-lightbox-slideshow=\"078e6ef\" data-elementor-lightbox-title=\"Doppelzimmer\" data-e-action-hash=\"#elementor-action%3Aaction%3Dlightbox%26settings%3DeyJpZCI6OTUyOSwidXJsIjoiaHR0cHM6XC9cL2dydW5kZXItZ2Flc3RlaGF1cy5kZVwvd3AtY29udGVudFwvdXBsb2Fkc1wvMjAyMlwvMTFcLzI2MzM0NjEwOC0xLmpwZyIsInNsaWRlc2hvdyI6IjA3OGU2ZWYifQ%3D%3D\">\n\t\t\t\t\t<div class=\"e-gallery-image elementor-gallery-item__image\" data-thumbnail=\"https:\/\/grunder-gaestehaus.de\/wp-content\/uploads\/2022\/11\/263346108-1.jpg\" data-width=\"1024\" data-height=\"683\" aria-label=\"\" role=\"img\" ><\/div>\n\t\t\t\t\t\t\t\t\t\t\t\t\t\t<\/a>\n\t\t\t\t\t\t\t<a class=\"e-gallery-item elementor-gallery-item elementor-animated-content\" href=\"https:\/\/grunder-gaestehaus.de\/wp-content\/uploads\/2022\/11\/263346092-1.jpg\" data-elementor-open-lightbox=\"yes\" data-elementor-lightbox-slideshow=\"078e6ef\" data-elementor-lightbox-title=\"Doppelzimmer\" data-e-action-hash=\"#elementor-action%3Aaction%3Dlightbox%26settings%3DeyJpZCI6OTUyNywidXJsIjoiaHR0cHM6XC9cL2dydW5kZXItZ2Flc3RlaGF1cy5kZVwvd3AtY29udGVudFwvdXBsb2Fkc1wvMjAyMlwvMTFcLzI2MzM0NjA5Mi0xLmpwZyIsInNsaWRlc2hvdyI6IjA3OGU2ZWYifQ%3D%3D\">\n\t\t\t\t\t<div class=\"e-gallery-image elementor-gallery-item__image\" data-thumbnail=\"https:\/\/grunder-gaestehaus.de\/wp-content\/uploads\/2022\/11\/263346092-1.jpg\" data-width=\"1024\" data-height=\"683\" aria-label=\"\" role=\"img\" ><\/div>\n\t\t\t\t\t\t\t\t\t\t\t\t\t\t<\/a>\n\t\t\t\t\t\t\t<a class=\"e-gallery-item elementor-gallery-item elementor-animated-content\" href=\"https:\/\/grunder-gaestehaus.de\/wp-content\/uploads\/2022\/11\/263345542-1.jpg\" data-elementor-open-lightbox=\"yes\" data-elementor-lightbox-slideshow=\"078e6ef\" data-elementor-lightbox-title=\"Doppelzimmer\" data-e-action-hash=\"#elementor-action%3Aaction%3Dlightbox%26settings%3DeyJpZCI6OTUyNSwidXJsIjoiaHR0cHM6XC9cL2dydW5kZXItZ2Flc3RlaGF1cy5kZVwvd3AtY29udGVudFwvdXBsb2Fkc1wvMjAyMlwvMTFcLzI2MzM0NTU0Mi0xLmpwZyIsInNsaWRlc2hvdyI6IjA3OGU2ZWYifQ%3D%3D\">\n\t\t\t\t\t<div class=\"e-gallery-image elementor-gallery-item__image\" data-thumbnail=\"https:\/\/grunder-gaestehaus.de\/wp-content\/uploads\/2022\/11\/263345542-1.jpg\" data-width=\"1024\" data-height=\"689\" aria-label=\"\" role=\"img\" ><\/div>\n\t\t\t\t\t\t\t\t\t\t\t\t\t\t<\/a>\n\t\t\t\t\t\t\t<a class=\"e-gallery-item elementor-gallery-item elementor-animated-content\" href=\"https:\/\/grunder-gaestehaus.de\/wp-content\/uploads\/2022\/11\/263345175-1.jpg\" data-elementor-open-lightbox=\"yes\" data-elementor-lightbox-slideshow=\"078e6ef\" data-elementor-lightbox-title=\"Einzelzimmer\" data-e-action-hash=\"#elementor-action%3Aaction%3Dlightbox%26settings%3DeyJpZCI6OTUyMywidXJsIjoiaHR0cHM6XC9cL2dydW5kZXItZ2Flc3RlaGF1cy5kZVwvd3AtY29udGVudFwvdXBsb2Fkc1wvMjAyMlwvMTFcLzI2MzM0NTE3NS0xLmpwZyIsInNsaWRlc2hvdyI6IjA3OGU2ZWYifQ%3D%3D\">\n\t\t\t\t\t<div class=\"e-gallery-image elementor-gallery-item__image\" data-thumbnail=\"https:\/\/grunder-gaestehaus.de\/wp-content\/uploads\/2022\/11\/263345175-1.jpg\" data-width=\"1024\" data-height=\"694\" aria-label=\"\" role=\"img\" ><\/div>\n\t\t\t\t\t\t\t\t\t\t\t\t\t\t<\/a>\n\t\t\t\t\t\t\t<a class=\"e-gallery-item elementor-gallery-item elementor-animated-content\" href=\"https:\/\/grunder-gaestehaus.de\/wp-content\/uploads\/2022\/11\/263345538-1.jpg\" data-elementor-open-lightbox=\"yes\" data-elementor-lightbox-slideshow=\"078e6ef\" data-elementor-lightbox-title=\"Doppelzimmer\" data-e-action-hash=\"#elementor-action%3Aaction%3Dlightbox%26settings%3DeyJpZCI6OTUyNCwidXJsIjoiaHR0cHM6XC9cL2dydW5kZXItZ2Flc3RlaGF1cy5kZVwvd3AtY29udGVudFwvdXBsb2Fkc1wvMjAyMlwvMTFcLzI2MzM0NTUzOC0xLmpwZyIsInNsaWRlc2hvdyI6IjA3OGU2ZWYifQ%3D%3D\">\n\t\t\t\t\t<div class=\"e-gallery-image elementor-gallery-item__image\" data-thumbnail=\"https:\/\/grunder-gaestehaus.de\/wp-content\/uploads\/2022\/11\/263345538-1.jpg\" data-width=\"1024\" data-height=\"683\" aria-label=\"\" role=\"img\" ><\/div>\n\t\t\t\t\t\t\t\t\t\t\t\t\t\t<\/a>\n\t\t\t\t\t\t\t<a class=\"e-gallery-item elementor-gallery-item elementor-animated-content\" href=\"https:\/\/grunder-gaestehaus.de\/wp-content\/uploads\/2022\/11\/263345150-1.jpg\" data-elementor-open-lightbox=\"yes\" data-elementor-lightbox-slideshow=\"078e6ef\" data-elementor-lightbox-title=\"Einzelzimmer\" data-e-action-hash=\"#elementor-action%3Aaction%3Dlightbox%26settings%3DeyJpZCI6OTUyMiwidXJsIjoiaHR0cHM6XC9cL2dydW5kZXItZ2Flc3RlaGF1cy5kZVwvd3AtY29udGVudFwvdXBsb2Fkc1wvMjAyMlwvMTFcLzI2MzM0NTE1MC0xLmpwZyIsInNsaWRlc2hvdyI6IjA3OGU2ZWYifQ%3D%3D\">\n\t\t\t\t\t<div class=\"e-gallery-image elementor-gallery-item__image\" data-thumbnail=\"https:\/\/grunder-gaestehaus.de\/wp-content\/uploads\/2022\/11\/263345150-1.jpg\" data-width=\"1024\" data-height=\"748\" aria-label=\"\" role=\"img\" ><\/div>\n\t\t\t\t\t\t\t\t\t\t\t\t\t\t<\/a>\n\t\t\t\t\t\t\t<a class=\"e-gallery-item elementor-gallery-item elementor-animated-content\" href=\"https:\/\/grunder-gaestehaus.de\/wp-content\/uploads\/2022\/11\/263346097-1.jpg\" data-elementor-open-lightbox=\"yes\" data-elementor-lightbox-slideshow=\"078e6ef\" data-elementor-lightbox-title=\"Doppelzimmer\" data-e-action-hash=\"#elementor-action%3Aaction%3Dlightbox%26settings%3DeyJpZCI6OTUyOCwidXJsIjoiaHR0cHM6XC9cL2dydW5kZXItZ2Flc3RlaGF1cy5kZVwvd3AtY29udGVudFwvdXBsb2Fkc1wvMjAyMlwvMTFcLzI2MzM0NjA5Ny0xLmpwZyIsInNsaWRlc2hvdyI6IjA3OGU2ZWYifQ%3D%3D\">\n\t\t\t\t\t<div class=\"e-gallery-image elementor-gallery-item__image\" data-thumbnail=\"https:\/\/grunder-gaestehaus.de\/wp-content\/uploads\/2022\/11\/263346097-1.jpg\" data-width=\"1024\" data-height=\"683\" aria-label=\"\" role=\"img\" ><\/div>\n\t\t\t\t\t\t\t\t\t\t\t\t\t\t<\/a>\n\t\t\t\t\t\t\t<a class=\"e-gallery-item elementor-gallery-item elementor-animated-content\" href=\"https:\/\/grunder-gaestehaus.de\/wp-content\/uploads\/2022\/11\/263346087-1.jpg\" data-elementor-open-lightbox=\"yes\" data-elementor-lightbox-slideshow=\"078e6ef\" data-elementor-lightbox-title=\"Doppelzimmer\" data-e-action-hash=\"#elementor-action%3Aaction%3Dlightbox%26settings%3DeyJpZCI6OTUyNiwidXJsIjoiaHR0cHM6XC9cL2dydW5kZXItZ2Flc3RlaGF1cy5kZVwvd3AtY29udGVudFwvdXBsb2Fkc1wvMjAyMlwvMTFcLzI2MzM0NjA4Ny0xLmpwZyIsInNsaWRlc2hvdyI6IjA3OGU2ZWYifQ%3D%3D\">\n\t\t\t\t\t<div class=\"e-gallery-image elementor-gallery-item__image\" data-thumbnail=\"https:\/\/grunder-gaestehaus.de\/wp-content\/uploads\/2022\/11\/263346087-1.jpg\" data-width=\"1024\" data-height=\"683\" aria-label=\"\" role=\"img\" ><\/div>\n\t\t\t\t\t\t\t\t\t\t\t\t\t\t<\/a>\n\t\t\t\t\t\t\t<a class=\"e-gallery-item elementor-gallery-item elementor-animated-content\" href=\"https:\/\/grunder-gaestehaus.de\/wp-content\/uploads\/2022\/11\/263347234-1.jpg\" data-elementor-open-lightbox=\"yes\" data-elementor-lightbox-slideshow=\"078e6ef\" data-elementor-lightbox-title=\"Komfortzimmer\" data-e-action-hash=\"#elementor-action%3Aaction%3Dlightbox%26settings%3DeyJpZCI6OTUzMiwidXJsIjoiaHR0cHM6XC9cL2dydW5kZXItZ2Flc3RlaGF1cy5kZVwvd3AtY29udGVudFwvdXBsb2Fkc1wvMjAyMlwvMTFcLzI2MzM0NzIzNC0xLmpwZyIsInNsaWRlc2hvdyI6IjA3OGU2ZWYifQ%3D%3D\">\n\t\t\t\t\t<div class=\"e-gallery-image elementor-gallery-item__image\" data-thumbnail=\"https:\/\/grunder-gaestehaus.de\/wp-content\/uploads\/2022\/11\/263347234-1.jpg\" data-width=\"1024\" data-height=\"683\" aria-label=\"\" role=\"img\" ><\/div>\n\t\t\t\t\t\t\t\t\t\t\t\t\t\t<\/a>\n\t\t\t\t\t<\/div>\n\t\t\t\t\t<\/div>\n\t\t\t\t<\/div>\n\t\t\t\t\t<\/div>\n\t\t<\/div>\n\t\t\t\t\t<\/div>\n\t\t<\/section>\n\t\t\t\t<section data-particle_enable=\"false\" data-particle-mobile-disabled=\"false\" class=\"wd-negative-gap elementor-section elementor-top-section elementor-element elementor-element-583ff81 elementor-section-boxed elementor-section-height-default elementor-section-height-default\" data-id=\"583ff81\" data-element_type=\"section\" data-e-type=\"section\">\n\t\t\t\t\t\t<div class=\"elementor-container elementor-column-gap-default\">\n\t\t\t\t\t<div class=\"elementor-column elementor-col-100 elementor-top-column elementor-element elementor-element-31191d2\" data-id=\"31191d2\" data-element_type=\"column\" data-e-type=\"column\">\n\t\t\t<div class=\"elementor-widget-wrap elementor-element-populated\">\n\t\t\t\t\t\t<div class=\"elementor-element elementor-element-092de8d elementor-widget elementor-widget-menu-anchor\" data-id=\"092de8d\" data-element_type=\"widget\" data-e-type=\"widget\" data-widget_type=\"menu-anchor.default\">\n\t\t\t\t<div class=\"elementor-widget-container\">\n\t\t\t\t\t\t\t<div class=\"elementor-menu-anchor\" id=\"grunderwelt\"><\/div>\n\t\t\t\t\t\t<\/div>\n\t\t\t\t<\/div>\n\t\t\t\t<div class=\"elementor-element elementor-element-2fee7c9 elementor-widget elementor-widget-heading\" data-id=\"2fee7c9\" data-element_type=\"widget\" data-e-type=\"widget\" data-widget_type=\"heading.default\">\n\t\t\t\t<div class=\"elementor-widget-container\">\n\t\t\t\t\t<h2 class=\"elementor-heading-title elementor-size-default\">Willkommen in der Grunder-Welt<\/h2>\t\t\t\t<\/div>\n\t\t\t\t<\/div>\n\t\t\t\t<div class=\"elementor-element elementor-element-d80c5c8 elementor-widget elementor-widget-heading\" data-id=\"d80c5c8\" data-element_type=\"widget\" data-e-type=\"widget\" data-widget_type=\"heading.default\">\n\t\t\t\t<div class=\"elementor-widget-container\">\n\t\t\t\t\t<h3 class=\"elementor-heading-title elementor-size-default\">dem saarl\u00e4ndischen Spezialisten f\u00fcr Veranstaltungen aller Art!<\/h3>\t\t\t\t<\/div>\n\t\t\t\t<\/div>\n\t\t\t\t<div class=\"elementor-element elementor-element-aa2e13c elementor-widget-divider--view-line elementor-widget elementor-widget-divider\" data-id=\"aa2e13c\" data-element_type=\"widget\" data-e-type=\"widget\" data-widget_type=\"divider.default\">\n\t\t\t\t<div class=\"elementor-widget-container\">\n\t\t\t\t\t\t\t<div class=\"elementor-divider\">\n\t\t\t<span class=\"elementor-divider-separator\">\n\t\t\t\t\t\t<\/span>\n\t\t<\/div>\n\t\t\t\t\t\t<\/div>\n\t\t\t\t<\/div>\n\t\t\t\t<div class=\"elementor-element elementor-element-68e48a1 color-scheme-inherit text-left elementor-widget elementor-widget-text-editor\" data-id=\"68e48a1\" data-element_type=\"widget\" data-e-type=\"widget\" data-widget_type=\"text-editor.default\">\n\t\t\t\t<div class=\"elementor-widget-container\">\n\t\t\t\t\t\t\t\t\t<p>Stellen Sie sich vor, Sie planen eine Veranstaltung und bekommen von der Location \u00fcber das Mobiliar bis hin zur Deko, einem passenden Catering\/ Partyservice ganz nach Ihren W\u00fcnschen, Servicekr\u00e4ften und Hotelzimmern \u2013 alles aus einer Hand und sogar von einem Anbieter!<\/p><p><b>Dann sind Sie bei Grunder Gourmet genau richtig!<\/b><\/p>\t\t\t\t\t\t\t\t<\/div>\n\t\t\t\t<\/div>\n\t\t\t\t<section data-particle_enable=\"false\" data-particle-mobile-disabled=\"false\" class=\"wd-negative-gap elementor-section elementor-inner-section elementor-element elementor-element-1de46cc elementor-section-boxed elementor-section-height-default elementor-section-height-default\" data-id=\"1de46cc\" data-element_type=\"section\" data-e-type=\"section\">\n\t\t\t\t\t\t<div class=\"elementor-container elementor-column-gap-default\">\n\t\t\t\t\t<div class=\"elementor-column elementor-col-25 elementor-inner-column elementor-element elementor-element-0f65ac3\" data-id=\"0f65ac3\" data-element_type=\"column\" data-e-type=\"column\">\n\t\t\t<div class=\"elementor-widget-wrap elementor-element-populated\">\n\t\t\t\t\t\t<div class=\"elementor-element elementor-element-1972902 eael-infobox-content-align--center eael-infobox-shape-square eael-infobox-hover-img-shape-square elementor-widget elementor-widget-eael-info-box\" data-id=\"1972902\" data-element_type=\"widget\" data-e-type=\"widget\" data-widget_type=\"eael-info-box.default\">\n\t\t\t\t<div class=\"elementor-widget-container\">\n\t\t\t\t\t        <div class=\"eael-infobox icon-on-top\">\n\t            <div class=\"infobox-icon\">\n\n                            <img decoding=\"async\" src=\"https:\/\/grunder-gaestehaus.de\/wp-content\/uploads\/2022\/11\/GRUNDER-Logo-1038x489px.png\" alt=\"\">\n            \n            \n            \n        <\/div>\n            <div class=\"infobox-content\">\n        <div><p>Ihr Partner f\u00fcr Business-, Event- und Privatcatering, Beratung und Service&#8230;<\/p><\/div>        <div class=\"infobox-button\">\n            <a class=\"eael-infobox-button\" href=\"https:\/\/grunder-gourmet.de\">\n                                                <span class=\"infobox-button-text\">Zu Grunder Gourmet<\/span>\n                            <\/a>\n        <\/div>\n            <\/div>\n            <\/div>\n\n\t\t\t\t\t\t<\/div>\n\t\t\t\t<\/div>\n\t\t\t\t\t<\/div>\n\t\t<\/div>\n\t\t\t\t<div class=\"elementor-column elementor-col-25 elementor-inner-column elementor-element elementor-element-fbaa943\" data-id=\"fbaa943\" data-element_type=\"column\" data-e-type=\"column\">\n\t\t\t<div class=\"elementor-widget-wrap elementor-element-populated\">\n\t\t\t\t\t\t<div class=\"elementor-element elementor-element-b0fd5c0 eael-infobox-content-align--center eael-infobox-shape-square eael-infobox-hover-img-shape-square elementor-widget elementor-widget-eael-info-box\" data-id=\"b0fd5c0\" data-element_type=\"widget\" data-e-type=\"widget\" data-widget_type=\"eael-info-box.default\">\n\t\t\t\t<div class=\"elementor-widget-container\">\n\t\t\t\t\t        <div class=\"eael-infobox icon-on-top\">\n\t            <div class=\"infobox-icon\">\n\n                            <img decoding=\"async\" src=\"https:\/\/grunder-gaestehaus.de\/wp-content\/uploads\/2022\/11\/GRUNDER-Logo-Onlineshop-1038x489px.png\" alt=\"\">\n            \n            \n            \n        <\/div>\n            <div class=\"infobox-content\">\n        <div><p>Buffets, Caterings, Feinkost, Weine und Spezialit\u00e4ten von Grunder!<\/p><\/div>        <div class=\"infobox-button\">\n            <a class=\"eael-infobox-button\" href=\"https:\/\/grunder-gourmet.de\">\n                                                <span class=\"infobox-button-text\">Zum Grunder Onlineshop<\/span>\n                            <\/a>\n        <\/div>\n            <\/div>\n            <\/div>\n\n\t\t\t\t\t\t<\/div>\n\t\t\t\t<\/div>\n\t\t\t\t\t<\/div>\n\t\t<\/div>\n\t\t\t\t<div class=\"elementor-column elementor-col-25 elementor-inner-column elementor-element elementor-element-8e124d2\" data-id=\"8e124d2\" data-element_type=\"column\" data-e-type=\"column\">\n\t\t\t<div class=\"elementor-widget-wrap elementor-element-populated\">\n\t\t\t\t\t\t<div class=\"elementor-element elementor-element-7cbe512 eael-infobox-content-align--center eael-infobox-shape-square eael-infobox-hover-img-shape-square elementor-widget elementor-widget-eael-info-box\" data-id=\"7cbe512\" data-element_type=\"widget\" data-e-type=\"widget\" data-widget_type=\"eael-info-box.default\">\n\t\t\t\t<div class=\"elementor-widget-container\">\n\t\t\t\t\t        <div class=\"eael-infobox icon-on-top\">\n\t            <div class=\"infobox-icon\">\n\n                            <img decoding=\"async\" src=\"https:\/\/grunder-gaestehaus.de\/wp-content\/uploads\/2022\/11\/GRUNDER-Logo-Gaestehaus-1038x489px.png\" alt=\"\">\n            \n            \n            \n        <\/div>\n            <div class=\"infobox-content\">\n        <div><p>Hotel, Event-Locations, Tagung, Konferenz, Bistro und vieles mehr!<\/p><\/div>        <div class=\"infobox-button\">\n            <a class=\"eael-infobox-button\" href=\"https:\/\/grunder-gaestehaus.de\">\n                                                <span class=\"infobox-button-text\">Zu Grunder G\u00e4stehaus<\/span>\n                            <\/a>\n        <\/div>\n            <\/div>\n            <\/div>\n\n\t\t\t\t\t\t<\/div>\n\t\t\t\t<\/div>\n\t\t\t\t\t<\/div>\n\t\t<\/div>\n\t\t\t\t<div class=\"elementor-column elementor-col-25 elementor-inner-column elementor-element elementor-element-a393858\" data-id=\"a393858\" data-element_type=\"column\" data-e-type=\"column\">\n\t\t\t<div class=\"elementor-widget-wrap elementor-element-populated\">\n\t\t\t\t\t\t<div class=\"elementor-element elementor-element-f362ec6 eael-infobox-content-align--center eael-infobox-shape-square eael-infobox-hover-img-shape-square elementor-widget elementor-widget-eael-info-box\" data-id=\"f362ec6\" data-element_type=\"widget\" data-e-type=\"widget\" data-widget_type=\"eael-info-box.default\">\n\t\t\t\t<div class=\"elementor-widget-container\">\n\t\t\t\t\t        <div class=\"eael-infobox icon-on-top\">\n\t            <div class=\"infobox-icon\">\n\n                            <img decoding=\"async\" src=\"https:\/\/grunder-gaestehaus.de\/wp-content\/uploads\/2022\/11\/GRUNDER-Logo-Hofgut-1038x489px.png\" alt=\"\">\n            \n            \n            \n        <\/div>\n            <div class=\"infobox-content\">\n        <div><p>Ihr Partner f\u00fcr Business-, Event- und Privatcatering, Beratung und Service&#8230;<\/p><\/div>        <div class=\"infobox-button\">\n            <a class=\"eael-infobox-button\" href=\"https:\/\/hofgut-menschenhaus.de\">\n                                                <span class=\"infobox-button-text\">Zum Hofgut Menschenhaus<\/span>\n                            <\/a>\n        <\/div>\n            <\/div>\n            <\/div>\n\n\t\t\t\t\t\t<\/div>\n\t\t\t\t<\/div>\n\t\t\t\t\t<\/div>\n\t\t<\/div>\n\t\t\t\t\t<\/div>\n\t\t<\/section>\n\t\t\t\t<section data-particle_enable=\"false\" data-particle-mobile-disabled=\"false\" class=\"wd-negative-gap elementor-section elementor-inner-section elementor-element elementor-element-990701a elementor-section-boxed elementor-section-height-default elementor-section-height-default\" data-id=\"990701a\" data-element_type=\"section\" data-e-type=\"section\">\n\t\t\t\t\t\t<div class=\"elementor-container elementor-column-gap-default\">\n\t\t\t\t\t<div class=\"elementor-column elementor-col-20 elementor-inner-column elementor-element elementor-element-63ed39a\" data-id=\"63ed39a\" data-element_type=\"column\" data-e-type=\"column\">\n\t\t\t<div class=\"elementor-widget-wrap\">\n\t\t\t\t\t\t\t<\/div>\n\t\t<\/div>\n\t\t\t\t<div class=\"elementor-column elementor-col-20 elementor-inner-column elementor-element elementor-element-a550f9b\" data-id=\"a550f9b\" data-element_type=\"column\" data-e-type=\"column\">\n\t\t\t<div class=\"elementor-widget-wrap elementor-element-populated\">\n\t\t\t\t\t\t<div class=\"elementor-element elementor-element-df5b093 eael-infobox-content-align--center eael-infobox-shape-square eael-infobox-hover-img-shape-square elementor-widget elementor-widget-eael-info-box\" data-id=\"df5b093\" data-element_type=\"widget\" data-e-type=\"widget\" data-widget_type=\"eael-info-box.default\">\n\t\t\t\t<div class=\"elementor-widget-container\">\n\t\t\t\t\t        <div class=\"eael-infobox icon-on-top\">\n\t            <div class=\"infobox-icon\">\n\n                            <img decoding=\"async\" src=\"https:\/\/grunder-gaestehaus.de\/wp-content\/uploads\/2022\/11\/Unbenannt-1.png\" alt=\"\">\n            \n            \n            \n        <\/div>\n            <div class=\"infobox-content\">\n        <div><p>Zelte, Festzelte aller Gr\u00f6\u00dfen, Zelte f\u00fcr private Feiern und Hochzeiten und Pagodenzelte.<\/p><\/div>        <div class=\"infobox-button\">\n            <a class=\"eael-infobox-button\" href=\"https:\/\/saar-lor-lux-zelte.eu\">\n                                                <span class=\"infobox-button-text\">Zu Saar-Lor-Lux Zelte<\/span>\n                            <\/a>\n        <\/div>\n            <\/div>\n            <\/div>\n\n\t\t\t\t\t\t<\/div>\n\t\t\t\t<\/div>\n\t\t\t\t\t<\/div>\n\t\t<\/div>\n\t\t\t\t<div class=\"elementor-column elementor-col-20 elementor-inner-column elementor-element elementor-element-9c3b085\" data-id=\"9c3b085\" data-element_type=\"column\" data-e-type=\"column\">\n\t\t\t<div class=\"elementor-widget-wrap elementor-element-populated\">\n\t\t\t\t\t\t<div class=\"elementor-element elementor-element-1989a08 eael-infobox-content-align--center eael-infobox-shape-square eael-infobox-hover-img-shape-square elementor-widget elementor-widget-eael-info-box\" data-id=\"1989a08\" data-element_type=\"widget\" data-e-type=\"widget\" data-widget_type=\"eael-info-box.default\">\n\t\t\t\t<div class=\"elementor-widget-container\">\n\t\t\t\t\t        <div class=\"eael-infobox icon-on-top\">\n\t            <div class=\"infobox-icon\">\n\n                            <img decoding=\"async\" src=\"https:\/\/grunder-gaestehaus.de\/wp-content\/uploads\/2022\/11\/GRUNDER-Logo-Zuse8-1038x489px.png\" alt=\"\">\n            \n            \n            \n        <\/div>\n            <div class=\"infobox-content\">\n        <div><p>Bistro, Lounge, Wintergarten, Tagung und Eventlocation.<\/p><\/div>        <div class=\"infobox-button\">\n            <a class=\"eael-infobox-button\" href=\"https:\/\/grunder-gaestehaus.de\/bistro-zuse-8\/\">\n                                                <span class=\"infobox-button-text\">Zu Grunders ZUSE 8<\/span>\n                            <\/a>\n        <\/div>\n            <\/div>\n            <\/div>\n\n\t\t\t\t\t\t<\/div>\n\t\t\t\t<\/div>\n\t\t\t\t\t<\/div>\n\t\t<\/div>\n\t\t\t\t<div class=\"elementor-column elementor-col-20 elementor-inner-column elementor-element elementor-element-eab6f91\" data-id=\"eab6f91\" data-element_type=\"column\" data-e-type=\"column\">\n\t\t\t<div class=\"elementor-widget-wrap elementor-element-populated\">\n\t\t\t\t\t\t<div class=\"elementor-element elementor-element-9a84b82 eael-infobox-content-align--center eael-infobox-shape-square eael-infobox-hover-img-shape-square elementor-widget elementor-widget-eael-info-box\" data-id=\"9a84b82\" data-element_type=\"widget\" data-e-type=\"widget\" data-widget_type=\"eael-info-box.default\">\n\t\t\t\t<div class=\"elementor-widget-container\">\n\t\t\t\t\t        <div class=\"eael-infobox icon-on-top\">\n\t            <div class=\"infobox-icon\">\n\n                            <img decoding=\"async\" src=\"https:\/\/grunder-gaestehaus.de\/wp-content\/uploads\/2022\/11\/Grunder-Wald-Wiesenhochzeit.png\" alt=\"\">\n            \n            \n            \n        <\/div>\n            <div class=\"infobox-content\">\n        <div><p>Sie w\u00fcnschen sich eine besondere und einzigartige Hochzeitslocation im Saarland?<\/p><\/div>        <div class=\"infobox-button\">\n            <a class=\"eael-infobox-button\" href=\"https:\/\/wald-wiesenhochzeit.de\">\n                                                <span class=\"infobox-button-text\">Zur Wald- &amp; Wiesenhochzeit<\/span>\n                            <\/a>\n        <\/div>\n            <\/div>\n            <\/div>\n\n\t\t\t\t\t\t<\/div>\n\t\t\t\t<\/div>\n\t\t\t\t\t<\/div>\n\t\t<\/div>\n\t\t\t\t<div class=\"elementor-column elementor-col-20 elementor-inner-column elementor-element elementor-element-d6e35fe\" data-id=\"d6e35fe\" data-element_type=\"column\" data-e-type=\"column\">\n\t\t\t<div class=\"elementor-widget-wrap\">\n\t\t\t\t\t\t\t<\/div>\n\t\t<\/div>\n\t\t\t\t\t<\/div>\n\t\t<\/section>\n\t\t\t\t\t<\/div>\n\t\t<\/div>\n\t\t\t\t\t<\/div>\n\t\t<\/section>\n\t\t\t\t<section data-particle_enable=\"false\" data-particle-mobile-disabled=\"false\" class=\"wd-negative-gap elementor-section elementor-top-section elementor-element elementor-element-6b96644 elementor-section-stretched elementor-section-boxed elementor-section-height-default elementor-section-height-default\" data-id=\"6b96644\" data-element_type=\"section\" data-e-type=\"section\" data-settings=\"{&quot;stretch_section&quot;:&quot;section-stretched&quot;}\">\n\t\t\t\t\t\t<div class=\"elementor-container elementor-column-gap-default\">\n\t\t\t\t\t<div class=\"elementor-column elementor-col-100 elementor-top-column elementor-element elementor-element-7576a37\" data-id=\"7576a37\" data-element_type=\"column\" data-e-type=\"column\">\n\t\t\t<div class=\"elementor-widget-wrap elementor-element-populated\">\n\t\t\t\t\t\t<div class=\"elementor-element elementor-element-1429fdc elementor-widget elementor-widget-google_maps\" data-id=\"1429fdc\" data-element_type=\"widget\" data-e-type=\"widget\" data-widget_type=\"google_maps.default\">\n\t\t\t\t<div class=\"elementor-widget-container\">\n\t\t\t\t\t\t\t<div class=\"elementor-custom-embed\">\n\t\t\t<iframe loading=\"lazy\"\n\t\t\t\t\tsrc=\"https:\/\/maps.google.com\/maps?q=Grunder%20G%C3%A4stehaus&#038;t=m&#038;z=15&#038;output=embed&#038;iwloc=near\"\n\t\t\t\t\ttitle=\"Grunder G\u00e4stehaus\"\n\t\t\t\t\taria-label=\"Grunder G\u00e4stehaus\"\n\t\t\t><\/iframe>\n\t\t<\/div>\n\t\t\t\t\t\t<\/div>\n\t\t\t\t<\/div>\n\t\t\t\t\t<\/div>\n\t\t<\/div>\n\t\t\t\t\t<\/div>\n\t\t<\/section>\n\t\t\t\t<\/div>\n\t\t","protected":false},"excerpt":{"rendered":"<p>Grunder G\u00e4stehausEntspannen, genie\u00dfen, Gast seinZimmer ansehenBistro Zuse 8Feiern Sie im Raum Zuse mit bis zu 180-200 Personen. Gerne beraten wir<\/p>","protected":false},"author":1,"featured_media":0,"parent":0,"menu_order":0,"comment_status":"closed","ping_status":"closed","template":"","meta":{"footnotes":""},"class_list":["post-6282","page","type-page","status-publish","hentry"],"_links":{"self":[{"href":"https:\/\/grunder-gaestehaus.de\/fr_fr\/wp-json\/wp\/v2\/pages\/6282","targetHints":{"allow":["GET"]}}],"collection":[{"href":"https:\/\/grunder-gaestehaus.de\/fr_fr\/wp-json\/wp\/v2\/pages"}],"about":[{"href":"https:\/\/grunder-gaestehaus.de\/fr_fr\/wp-json\/wp\/v2\/types\/page"}],"author":[{"embeddable":true,"href":"https:\/\/grunder-gaestehaus.de\/fr_fr\/wp-json\/wp\/v2\/users\/1"}],"replies":[{"embeddable":true,"href":"https:\/\/grunder-gaestehaus.de\/fr_fr\/wp-json\/wp\/v2\/comments?post=6282"}],"version-history":[{"count":10,"href":"https:\/\/grunder-gaestehaus.de\/fr_fr\/wp-json\/wp\/v2\/pages\/6282\/revisions"}],"predecessor-version":[{"id":22918,"href":"https:\/\/grunder-gaestehaus.de\/fr_fr\/wp-json\/wp\/v2\/pages\/6282\/revisions\/22918"}],"wp:attachment":[{"href":"https:\/\/grunder-gaestehaus.de\/fr_fr\/wp-json\/wp\/v2\/media?parent=6282"}],"curies":[{"name":"wp","href":"https:\/\/api.w.org\/{rel}","templated":true}]}}